{"id":487,"date":"2018-04-18T09:08:34","date_gmt":"2018-04-18T07:08:34","guid":{"rendered":"http:\/\/cinerama.edge-themes.com\/?page_id=487"},"modified":"2025-07-04T11:55:32","modified_gmt":"2025-07-04T09:55:32","slug":"salvatore-esposito-2","status":"publish","type":"page","link":"https:\/\/www.salvatore-esposito.com\/it\/","title":{"rendered":"Salvatore Esposito"},"content":{"rendered":"<div class=\"wpb-content-wrapper\"><p>[vc_row equal_height=&#8221;yes&#8221; css=&#8221;.vc_custom_1715680377361{padding-bottom: 80px !important;}&#8221;][vc_column][rev_slider_vc alias=&#8221;post-slide-it-1&#8243; enable_paspartu=&#8221;no&#8221;][\/vc_column][\/vc_row][vc_row disable_element=&#8221;yes&#8221; row_content_width=&#8221;grid&#8221; css=&#8221;.vc_custom_1667846149613{padding-top: 30px !important;padding-bottom: 62px !important;}&#8221;][vc_column]<div class=\"edgtf-section-title-holder  edgtf-st-standard edgtf-st-title-left edgtf-st-ratio-1-2 edgtf-st-large-space\" style=\"text-align: center\">\n\t<div class=\"edgtf-st-inner\">\n\t\t\t\t\t<h2 class=\"edgtf-st-title\" style=\"color: #ffffff\">\n\t\t\t\tPROMO HALLOWEEN\t\t\t<\/h2>\n\t\t\t\t\t\t\t<h6 class=\"edgtf-st-text\" style=\"color: #e8ca06\">\n\t\t\t\t-30% sulle box + spedizione gratuita. Se hai il coraggio clicca sotto..\t\t\t<\/h6>\n\t\t\t<\/div>\n<\/div>[\/vc_column][\/vc_row][vc_row disable_element=&#8221;yes&#8221; row_content_width=&#8221;grid&#8221; css=&#8221;.vc_custom_1667846156205{padding-bottom: 30px !important;}&#8221;][vc_column][vc_single_image image=&#8221;26956&#8243; img_size=&#8221;full&#8221; alignment=&#8221;center&#8221; onclick=&#8221;custom_link&#8221; link=&#8221;https:\/\/www.salvatore-esposito.com\/it\/categoria-prodotto\/black-gift-box\/&#8221;][\/vc_column][\/vc_row][vc_row content_placement=&#8221;middle&#8221; disable_element=&#8221;yes&#8221; row_content_width=&#8221;grid&#8221; content_text_aligment=&#8221;center&#8221; css=&#8221;.vc_custom_1667846162712{padding-bottom: 100px !important;}&#8221;][vc_column]<a itemprop=\"url\" href=\"https:\/\/www.salvatore-esposito.com\/it\/categoria-prodotto\/black-gift-box\/\" target=\"_self\" style=\"color: #ffffff;border-color: #ffffff\" class=\"edgtf-btn edgtf-btn-medium edgtf-btn-outline edgtf-btn-light edgtf-hover-animation\"  >\n    <span class=\"edgtf-btn-text\">Clicca qu\u00ec<\/span>\n    <\/a>[\/vc_column][\/vc_row][vc_row disable_element=&#8221;yes&#8221; row_content_width=&#8221;grid&#8221; css=&#8221;.vc_custom_1667041291169{padding-top: 30px !important;padding-bottom: 62px !important;}&#8221;][vc_column]<div class=\"edgtf-section-title-holder  edgtf-st-standard edgtf-st-title-left edgtf-st-ratio-1-2 edgtf-st-large-space\" style=\"text-align: center\">\n\t<div class=\"edgtf-st-inner\">\n\t\t\t\t\t<h2 class=\"edgtf-st-title\" style=\"color: #ffffff\">\n\t\t\t\tUltimi articoli\t\t\t<\/h2>\n\t\t\t\t\t\t\t<h6 class=\"edgtf-st-text\" style=\"color: #e8ca06\">\n\t\t\t\tGadget ufficiali Salvatore Esposito and friends\t\t\t<\/h6>\n\t\t\t<\/div>\n<\/div>[\/vc_column][\/vc_row][vc_row disable_element=&#8221;yes&#8221; row_content_width=&#8221;grid&#8221; css=&#8221;.vc_custom_1667041296721{padding-bottom: 30px !important;}&#8221;][vc_column]<div class=\"edgtf-plc-holder edgtf-standard-layout edgtf-large-space edgtf-plc-nav-default-skin edgtf-plc-pag-bellow-slider edgtf-plc-pag-default-skin\">\n\t<div class=\"edgtf-plc-outer edgtf-owl-slider\" data-number-of-items=\"4\" data-enable-loop=\"yes\" data-enable-autoplay=\"yes\" data-slider-speed=\"5000\" data-slider-speed-animation=\"600\" data-enable-navigation=\"yes\" data-enable-pagination=\"yes\">\n\t\t\t\t\t<div class=\"edgtf-plc-item\">\n\t\t\t\t<div class=\"edgtf-plc-image-outer\">\n\t\t\t\t\t<div class=\"edgtf-plc-image\">\n\t\t\t\t\t\t\n<img loading=\"lazy\" decoding=\"async\" width=\"633\" height=\"841\" src=\"https:\/\/www.salvatore-esposito.com\/wp-content\/uploads\/2022\/01\/BOX1.jpg\" class=\"attachment-full size-full wp-post-image\" alt=\"\" srcset=\"https:\/\/www.salvatore-esposito.com\/wp-content\/uploads\/2022\/01\/BOX1.jpg 633w, https:\/\/www.salvatore-esposito.com\/wp-content\/uploads\/2022\/01\/BOX1-450x598.jpg 450w\" sizes=\"auto, (max-width: 633px) 100vw, 633px\" \/>\t\t\t\t\t<\/div>\n\t\t\t\t\t<div class=\"edgtf-plc-text\" >\n\t\t\t\t\t\t<div class=\"edgtf-plc-text-outer\">\n\t\t\t\t\t\t\t<div class=\"edgtf-plc-text-inner\">\n\t\t\t\t\t\t\t\t\t\t\t\t\t\t\t\t\n\t\t\t\t\t\t\t\t\t\t<p class=\"edgtf-plc-category\"><a href=\"https:\/\/www.salvatore-esposito.com\/it\/categoria-prodotto\/black-gift-box\/\" rel=\"tag\">Black gift box<\/a>, <a href=\"https:\/\/www.salvatore-esposito.com\/it\/categoria-prodotto\/box_libro\/\" rel=\"tag\">BOX_LIBRO<\/a>, <a href=\"https:\/\/www.salvatore-esposito.com\/it\/categoria-prodotto\/nuovi-prodotti\/\" rel=\"tag\">Nuovi prodotti<\/a><\/p>\n\t\t\t\t\t\t\t\t\t\n\t\t\t\t\t\t\t\t\t\t\t\t\t\t\t\t\n\t\t\t\t\t\t\t\t\t\t\t\t\t\t\t\t\n\t\t\t\t\t\t\t\t\t<div class=\"edgtf-plc-price\"><span class=\"woocommerce-Price-amount amount\"><span class=\"woocommerce-Price-currencySymbol\">&euro;<\/span>39,90<\/span><\/div>\n\t\t\t\t\t\t\t\t\n\t\t\t\t\t\t\t\t\t\n\t<div class=\"edgtf-plc-add-to-cart edgtf-default-skin\">\n\t\t<a rel=\"nofollow\" href=\"\/it\/wp-json\/wp\/v2\/pages\/487?add-to-cart=14510\" data-quantity=\"1\" data-product_id=\"14510\" data-product_sku=\"SEBXREDBOX01\" class=\"button add_to_cart_button ajax_add_to_cart edgtf-button\">Aggiungi al carrello<\/a>\t<\/div>\n\t\t\t\t\t\t\t<\/div>\n\t\t\t\t\t\t<\/div>\n\t\t\t\t\t<\/div>\n\t\t\t\t\t<a class=\"edgtf-plc-link\" itemprop=\"url\" href=\"https:\/\/www.salvatore-esposito.com\/it\/prodotto\/red-box-tazza-lo-sciamano-lo-sciamano-autografato\/\" title=\"Red box + tazza lo sciamano + libro lo sciamano autografato\"><\/a>\n\t\t\t\t<\/div>\n\t\t\t<\/div>\n\t\t\t\t\t<div class=\"edgtf-plc-item\">\n\t\t\t\t<div class=\"edgtf-plc-image-outer\">\n\t\t\t\t\t<div class=\"edgtf-plc-image\">\n\t\t\t\t\t\t\n<img loading=\"lazy\" decoding=\"async\" width=\"633\" height=\"841\" src=\"https:\/\/www.salvatore-esposito.com\/wp-content\/uploads\/2022\/04\/01.jpg\" class=\"attachment-full size-full wp-post-image\" alt=\"\" srcset=\"https:\/\/www.salvatore-esposito.com\/wp-content\/uploads\/2022\/04\/01.jpg 633w, https:\/\/www.salvatore-esposito.com\/wp-content\/uploads\/2022\/04\/01-450x598.jpg 450w\" sizes=\"auto, (max-width: 633px) 100vw, 633px\" \/>\t\t\t\t\t<\/div>\n\t\t\t\t\t<div class=\"edgtf-plc-text\" >\n\t\t\t\t\t\t<div class=\"edgtf-plc-text-outer\">\n\t\t\t\t\t\t\t<div class=\"edgtf-plc-text-inner\">\n\t\t\t\t\t\t\t\t\t\t\t\t\t\t\t\t\n\t\t\t\t\t\t\t\t\t\t<p class=\"edgtf-plc-category\"><a href=\"https:\/\/www.salvatore-esposito.com\/it\/categoria-prodotto\/gadget\/\" rel=\"tag\">Gadget<\/a>, <a href=\"https:\/\/www.salvatore-esposito.com\/it\/categoria-prodotto\/gift\/\" rel=\"tag\">Gift<\/a>, <a href=\"https:\/\/www.salvatore-esposito.com\/it\/categoria-prodotto\/nuovi-prodotti\/\" rel=\"tag\">Nuovi prodotti<\/a>, <a href=\"https:\/\/www.salvatore-esposito.com\/it\/categoria-prodotto\/tazza-genny-history\/\" rel=\"tag\">Tazza Genny history<\/a>, <a href=\"https:\/\/www.salvatore-esposito.com\/it\/categoria-prodotto\/tazze\/\" rel=\"tag\">Tazze<\/a><\/p>\n\t\t\t\t\t\t\t\t\t\n\t\t\t\t\t\t\t\t\t\t\t\t\t\t\t\t\n\t\t\t\t\t\t\t\t\t\t\t\t\t\t\t\t\n\t\t\t\t\t\t\t\t\t<div class=\"edgtf-plc-price\"><span class=\"woocommerce-Price-amount amount\"><span class=\"woocommerce-Price-currencySymbol\">&euro;<\/span>24,90<\/span><\/div>\n\t\t\t\t\t\t\t\t\n\t\t\t\t\t\t\t\t\t\n\t<div class=\"edgtf-plc-add-to-cart edgtf-default-skin\">\n\t\t<a rel=\"nofollow\" href=\"\/it\/wp-json\/wp\/v2\/pages\/487?add-to-cart=18492\" data-quantity=\"1\" data-product_id=\"18492\" data-product_sku=\"SEBXTAZZAGENNYSE02\" class=\"button add_to_cart_button ajax_add_to_cart edgtf-button\">Aggiungi al carrello<\/a>\t<\/div>\n\t\t\t\t\t\t\t<\/div>\n\t\t\t\t\t\t<\/div>\n\t\t\t\t\t<\/div>\n\t\t\t\t\t<a class=\"edgtf-plc-link\" itemprop=\"url\" href=\"https:\/\/www.salvatore-esposito.com\/it\/prodotto\/tazza-genny-history-v-2\/\" title=\"Tazza Genny history v.2\"><\/a>\n\t\t\t\t<\/div>\n\t\t\t<\/div>\n\t\t\t\t\t<div class=\"edgtf-plc-item\">\n\t\t\t\t<div class=\"edgtf-plc-image-outer\">\n\t\t\t\t\t<div class=\"edgtf-plc-image\">\n\t\t\t\t\t\t\n<img loading=\"lazy\" decoding=\"async\" width=\"2560\" height=\"2560\" src=\"https:\/\/www.salvatore-esposito.com\/wp-content\/uploads\/2024\/12\/Tazza-Piedone-2-scaled.jpg\" class=\"attachment-full size-full wp-post-image\" alt=\"\" srcset=\"https:\/\/www.salvatore-esposito.com\/wp-content\/uploads\/2024\/12\/Tazza-Piedone-2-scaled.jpg 2560w, https:\/\/www.salvatore-esposito.com\/wp-content\/uploads\/2024\/12\/Tazza-Piedone-2-150x150.jpg 150w, https:\/\/www.salvatore-esposito.com\/wp-content\/uploads\/2024\/12\/Tazza-Piedone-2-768x768.jpg 768w, https:\/\/www.salvatore-esposito.com\/wp-content\/uploads\/2024\/12\/Tazza-Piedone-2-1536x1536.jpg 1536w, https:\/\/www.salvatore-esposito.com\/wp-content\/uploads\/2024\/12\/Tazza-Piedone-2-550x550.jpg 550w, https:\/\/www.salvatore-esposito.com\/wp-content\/uploads\/2024\/12\/Tazza-Piedone-2-1100x1100.jpg 1100w, https:\/\/www.salvatore-esposito.com\/wp-content\/uploads\/2024\/12\/Tazza-Piedone-2-400x400.jpg 400w, https:\/\/www.salvatore-esposito.com\/wp-content\/uploads\/2024\/12\/Tazza-Piedone-2-800x800.jpg 800w, https:\/\/www.salvatore-esposito.com\/wp-content\/uploads\/2024\/12\/Tazza-Piedone-2-100x100.jpg 100w\" sizes=\"auto, (max-width: 2560px) 100vw, 2560px\" \/>\t\t\t\t\t<\/div>\n\t\t\t\t\t<div class=\"edgtf-plc-text\" >\n\t\t\t\t\t\t<div class=\"edgtf-plc-text-outer\">\n\t\t\t\t\t\t\t<div class=\"edgtf-plc-text-inner\">\n\t\t\t\t\t\t\t\t\t\t\t\t\t\t\t\t\n\t\t\t\t\t\t\t\t\t\t<p class=\"edgtf-plc-category\"><a href=\"https:\/\/www.salvatore-esposito.com\/it\/categoria-prodotto\/gadget\/\" rel=\"tag\">Gadget<\/a>, <a href=\"https:\/\/www.salvatore-esposito.com\/it\/categoria-prodotto\/gift\/\" rel=\"tag\">Gift<\/a>, <a href=\"https:\/\/www.salvatore-esposito.com\/it\/categoria-prodotto\/nuovi-prodotti\/\" rel=\"tag\">Nuovi prodotti<\/a>, <a href=\"https:\/\/www.salvatore-esposito.com\/it\/categoria-prodotto\/tazze\/\" rel=\"tag\">Tazze<\/a>, <a href=\"https:\/\/www.salvatore-esposito.com\/it\/categoria-prodotto\/tazze-piedone\/\" rel=\"tag\">Tazze Piedone<\/a><\/p>\n\t\t\t\t\t\t\t\t\t\n\t\t\t\t\t\t\t\t\t\t\t\t\t\t\t\t\n\t\t\t\t\t\t\t\t\t\t\t\t\t\t\t\t\n\t\t\t\t\t\t\t\t\t<div class=\"edgtf-plc-price\"><span class=\"woocommerce-Price-amount amount\"><span class=\"woocommerce-Price-currencySymbol\">&euro;<\/span>15,90<\/span><\/div>\n\t\t\t\t\t\t\t\t\n\t\t\t\t\t\t\t\t\t\n\t<div class=\"edgtf-plc-add-to-cart edgtf-default-skin\">\n\t\t<a rel=\"nofollow\" href=\"\/it\/wp-json\/wp\/v2\/pages\/487?add-to-cart=39086\" data-quantity=\"1\" data-product_id=\"39086\" data-product_sku=\"SEBXTAZZAFLATFOOT\" class=\"button add_to_cart_button ajax_add_to_cart edgtf-button\">Aggiungi al carrello<\/a>\t<\/div>\n\t\t\t\t\t\t\t<\/div>\n\t\t\t\t\t\t<\/div>\n\t\t\t\t\t<\/div>\n\t\t\t\t\t<a class=\"edgtf-plc-link\" itemprop=\"url\" href=\"https:\/\/www.salvatore-esposito.com\/it\/prodotto\/tazza-genny-tazza-flat-foot\/\" title=\"Tazza Flat Foot\"><\/a>\n\t\t\t\t<\/div>\n\t\t\t<\/div>\n\t\t\t\t\t<div class=\"edgtf-plc-item\">\n\t\t\t\t<div class=\"edgtf-plc-image-outer\">\n\t\t\t\t\t<div class=\"edgtf-plc-image\">\n\t\t\t\t\t\t\n<img loading=\"lazy\" decoding=\"async\" width=\"2560\" height=\"2560\" src=\"https:\/\/www.salvatore-esposito.com\/wp-content\/uploads\/2024\/12\/Tazza-Piedone-1.1-scaled.jpg\" class=\"attachment-full size-full wp-post-image\" alt=\"\" srcset=\"https:\/\/www.salvatore-esposito.com\/wp-content\/uploads\/2024\/12\/Tazza-Piedone-1.1-scaled.jpg 2560w, https:\/\/www.salvatore-esposito.com\/wp-content\/uploads\/2024\/12\/Tazza-Piedone-1.1-150x150.jpg 150w, https:\/\/www.salvatore-esposito.com\/wp-content\/uploads\/2024\/12\/Tazza-Piedone-1.1-768x768.jpg 768w, https:\/\/www.salvatore-esposito.com\/wp-content\/uploads\/2024\/12\/Tazza-Piedone-1.1-1536x1536.jpg 1536w, https:\/\/www.salvatore-esposito.com\/wp-content\/uploads\/2024\/12\/Tazza-Piedone-1.1-550x550.jpg 550w, https:\/\/www.salvatore-esposito.com\/wp-content\/uploads\/2024\/12\/Tazza-Piedone-1.1-1100x1100.jpg 1100w, https:\/\/www.salvatore-esposito.com\/wp-content\/uploads\/2024\/12\/Tazza-Piedone-1.1-400x400.jpg 400w, https:\/\/www.salvatore-esposito.com\/wp-content\/uploads\/2024\/12\/Tazza-Piedone-1.1-800x800.jpg 800w, https:\/\/www.salvatore-esposito.com\/wp-content\/uploads\/2024\/12\/Tazza-Piedone-1.1-100x100.jpg 100w\" sizes=\"auto, (max-width: 2560px) 100vw, 2560px\" \/>\t\t\t\t\t<\/div>\n\t\t\t\t\t<div class=\"edgtf-plc-text\" >\n\t\t\t\t\t\t<div class=\"edgtf-plc-text-outer\">\n\t\t\t\t\t\t\t<div class=\"edgtf-plc-text-inner\">\n\t\t\t\t\t\t\t\t\t\t\t\t\t\t\t\t\n\t\t\t\t\t\t\t\t\t\t<p class=\"edgtf-plc-category\"><a href=\"https:\/\/www.salvatore-esposito.com\/it\/categoria-prodotto\/gadget\/\" rel=\"tag\">Gadget<\/a>, <a href=\"https:\/\/www.salvatore-esposito.com\/it\/categoria-prodotto\/gift\/\" rel=\"tag\">Gift<\/a>, <a href=\"https:\/\/www.salvatore-esposito.com\/it\/categoria-prodotto\/nuovi-prodotti\/\" rel=\"tag\">Nuovi prodotti<\/a>, <a href=\"https:\/\/www.salvatore-esposito.com\/it\/categoria-prodotto\/tazze\/\" rel=\"tag\">Tazze<\/a>, <a href=\"https:\/\/www.salvatore-esposito.com\/it\/categoria-prodotto\/tazze-piedone\/\" rel=\"tag\">Tazze Piedone<\/a><\/p>\n\t\t\t\t\t\t\t\t\t\n\t\t\t\t\t\t\t\t\t\t\t\t\t\t\t\t\n\t\t\t\t\t\t\t\t\t\t\t\t\t\t\t\t\n\t\t\t\t\t\t\t\t\t<div class=\"edgtf-plc-price\"><span class=\"woocommerce-Price-amount amount\"><span class=\"woocommerce-Price-currencySymbol\">&euro;<\/span>15,90<\/span><\/div>\n\t\t\t\t\t\t\t\t\n\t\t\t\t\t\t\t\t\t\n\t<div class=\"edgtf-plc-add-to-cart edgtf-default-skin\">\n\t\t<a rel=\"nofollow\" href=\"\/it\/wp-json\/wp\/v2\/pages\/487?add-to-cart=39152\" data-quantity=\"1\" data-product_id=\"39152\" data-product_sku=\"SEBXTAZZAISPETTOREPALMIERI\" class=\"button add_to_cart_button ajax_add_to_cart edgtf-button\">Aggiungi al carrello<\/a>\t<\/div>\n\t\t\t\t\t\t\t<\/div>\n\t\t\t\t\t\t<\/div>\n\t\t\t\t\t<\/div>\n\t\t\t\t\t<a class=\"edgtf-plc-link\" itemprop=\"url\" href=\"https:\/\/www.salvatore-esposito.com\/it\/prodotto\/tazza-genny-tazza-flat-foot-copy-copy\/\" title=\"Tazza Ispettore Palmieri\"><\/a>\n\t\t\t\t<\/div>\n\t\t\t<\/div>\n\t\t\t<\/div>\n<\/div>[\/vc_column][\/vc_row][vc_row row_content_width=&#8221;grid&#8221; css=&#8221;.vc_custom_1617128236784{padding-top: 30px !important;padding-bottom: 62px !important;}&#8221;][vc_column]<div class=\"edgtf-section-title-holder  edgtf-st-standard edgtf-st-title-left edgtf-st-ratio-1-2 edgtf-st-large-space\" style=\"text-align: center\">\n\t<div class=\"edgtf-st-inner\">\n\t\t\t\t\t<h1 class=\"edgtf-st-title\" style=\"color: #ffffff\">\n\t\t\t\tFeatures\t\t\t<\/h1>\n\t\t\t\t\t\t\t<h6 class=\"edgtf-st-text\" style=\"color: #e8ca06\">\n\t\t\t\tFilm e Serie Tv in evidenza\t\t\t<\/h6>\n\t\t\t<\/div>\n<\/div>[\/vc_column][\/vc_row][vc_row css=&#8221;.vc_custom_1747837989439{padding-top: 70px !important;padding-bottom: 110px !important;}&#8221;][vc_column]<div class=\"edgtf-elements-holder   edgtf-one-column  edgtf-responsive-mode-768 \" ><div class=\"edgtf-eh-item    \"  data-item-class=\"edgtf-eh-custom-4763\" data-1024-1366=\"0 7%\">\n\t<div class=\"edgtf-eh-item-inner\">\n\t\t<div class=\"edgtf-eh-item-content edgtf-eh-custom-4763\" style=\"padding: 0 0 0 11%\">\n\t\t\t<div class=\"edgtf-interactive-image-with-text-holder  edgtf-iiwt-has-prefix edgtf-iiwt-prefix-left edgtf-iiwt-small-space edgtf-iiwt-animation\">\n\t\t\t<div class=\"edgtf-iiwt-prefix-holder\">\n\t\t\t<div class=\"edgtf-iiwt-prefix-inner\" style=\"color: #575757\">\n\t\t\t\t<svg class=\"edgtf-iiwt-prefix-text\"><text>SERIE<\/text><\/svg>\n\t\t\t<\/div>\n\t\t<\/div>\n\t\t<div class=\"edgtf-iiwt-inner\">\n\t\t<div class=\"edgtf-iiwt-image\">\n\t\t\t\t\t\t\t<a itemprop=\"url\" href=\"https:\/\/www.salvatore-esposito.com\/it\/archives\/portfolio-item\/piedone-uno-sbirro-a-napoli\/\" target=\"_self\">\n\t\t\t\t\t\t\t\t\t\t\t\t<img loading=\"lazy\" decoding=\"async\" width=\"1080\" height=\"538\" src=\"https:\/\/www.salvatore-esposito.com\/wp-content\/uploads\/2025\/05\/Foto-Home-Page-Piedone.jpg\" class=\"attachment-full size-full\" alt=\"\" srcset=\"https:\/\/www.salvatore-esposito.com\/wp-content\/uploads\/2025\/05\/Foto-Home-Page-Piedone.jpg 1080w, https:\/\/www.salvatore-esposito.com\/wp-content\/uploads\/2025\/05\/Foto-Home-Page-Piedone-768x383.jpg 768w, https:\/\/www.salvatore-esposito.com\/wp-content\/uploads\/2025\/05\/Foto-Home-Page-Piedone-800x399.jpg 800w\" sizes=\"auto, (max-width: 1080px) 100vw, 1080px\" \/>\t\t\t\t\t\t\t\t\t\t\t<\/a>\n\t\t\t\t\t<\/div>\n\t\t<div class=\"edgtf-iiwt-content\">\n\t\t\t\t\t\t\t<span class=\"edgtf-iiwt-title\" style=\"color: #ffffff\">Piedone - Uno Sbirro a Napoli<\/span>\n\t\t\t\t\t\t\t\t\t\t<p class=\"edgtf-iiwt-text\" style=\"color: #ffffff\">Per Vincenzo Palmieri tornare a Napoli significa chiudere i conti con il passato. Allievo del popolare Commissario Rizzo, detto Piedone, dovr\u00e0 conquistare la fiducia della sua nuova squadra e dimostrare che i suoi metodi anticonvenzionali sono l&#039;arma migliore per risolvere i casi in una citt\u00e0 complessa come la sua.<\/p>\n\t\t\t\t\t\t\t\t\t\t<div class=\"edgtf-iiwt-button\" >\n\t\t\t\t\t<a itemprop=\"url\" href=\"https:\/\/www.salvatore-esposito.com\/it\/archives\/portfolio-item\/piedone-uno-sbirro-a-napoli\/\" target=\"_self\"  class=\"edgtf-btn edgtf-btn-medium edgtf-btn-outline edgtf-btn-light edgtf-hover-animation\"  >    <span class=\"edgtf-btn-text\">Scheda Serie Tv<\/span>    <\/a>\t\t\t\t<\/div>\n\t\t\t\t\t<\/div>\n\t<\/div>\n<\/div>\t\t<\/div>\n\t<\/div>\n<\/div><\/div>[\/vc_column][\/vc_row][vc_row disable_background_image=&#8221;680&#8243; css=&#8221;.vc_custom_1653477535390{padding-top: 70px !important;padding-bottom: 110px !important;}&#8221; simple_background_image=&#8221;19776&#8243;][vc_column]<div class=\"edgtf-elements-holder   edgtf-one-column  edgtf-responsive-mode-768 \" ><div class=\"edgtf-eh-item    \"  data-item-class=\"edgtf-eh-custom-9800\" data-1024-1366=\"0 7%\">\n\t<div class=\"edgtf-eh-item-inner\">\n\t\t<div class=\"edgtf-eh-item-content edgtf-eh-custom-9800\" style=\"padding: 0 0 0 11%\">\n\t\t\t<div class=\"edgtf-interactive-image-with-text-holder  edgtf-iiwt-has-prefix edgtf-iiwt-prefix-left edgtf-iiwt-small-space edgtf-iiwt-animation\">\n\t\t\t<div class=\"edgtf-iiwt-prefix-holder\">\n\t\t\t<div class=\"edgtf-iiwt-prefix-inner\" style=\"color: #575757\">\n\t\t\t\t<svg class=\"edgtf-iiwt-prefix-text\"><text>SERIE<\/text><\/svg>\n\t\t\t<\/div>\n\t\t<\/div>\n\t\t<div class=\"edgtf-iiwt-inner\">\n\t\t<div class=\"edgtf-iiwt-image\">\n\t\t\t\t\t\t\t<a itemprop=\"url\" href=\"https:\/\/www.salvatore-esposito.com\/it\/archives\/portfolio-item\/gomorra-quinta-stagione\/\" target=\"_self\">\n\t\t\t\t\t\t\t\t\t\t\t\t<img loading=\"lazy\" decoding=\"async\" width=\"994\" height=\"538\" src=\"https:\/\/www.salvatore-esposito.com\/wp-content\/uploads\/2022\/05\/cover.jpg\" class=\"attachment-full size-full\" alt=\"\" srcset=\"https:\/\/www.salvatore-esposito.com\/wp-content\/uploads\/2022\/05\/cover.jpg 994w, https:\/\/www.salvatore-esposito.com\/wp-content\/uploads\/2022\/05\/cover-800x433.jpg 800w, https:\/\/www.salvatore-esposito.com\/wp-content\/uploads\/2022\/05\/cover-768x416.jpg 768w\" sizes=\"auto, (max-width: 994px) 100vw, 994px\" \/>\t\t\t\t\t\t\t\t\t\t\t<\/a>\n\t\t\t\t\t<\/div>\n\t\t<div class=\"edgtf-iiwt-content\">\n\t\t\t\t\t\t\t<span class=\"edgtf-iiwt-title\" style=\"color: #ffffff\">Gomorra 5<\/span>\n\t\t\t\t\t\t\t\t\t\t<p class=\"edgtf-iiwt-text\" style=\"color: #ffffff\">Lo scontro tra i Levante e Patrizia ha lasciato Napoli in macerie, costringendo Genny a rinunciare al suo sogno di normalit\u00e0 e a tornare in campo..<\/p>\n\t\t\t\t\t\t\t\t\t\t<div class=\"edgtf-iiwt-button\" >\n\t\t\t\t\t<a itemprop=\"url\" href=\"https:\/\/www.salvatore-esposito.com\/it\/archives\/portfolio-item\/gomorra-quinta-stagione\/\" target=\"_self\"  class=\"edgtf-btn edgtf-btn-medium edgtf-btn-outline edgtf-btn-light edgtf-hover-animation\"  >    <span class=\"edgtf-btn-text\">Scheda Serie Tv<\/span>    <\/a>\t\t\t\t<\/div>\n\t\t\t\t\t<\/div>\n\t<\/div>\n<\/div>\t\t<\/div>\n\t<\/div>\n<\/div><\/div>[\/vc_column][\/vc_row][vc_row css=&#8221;.vc_custom_1747842667743{padding-top: 70px !important;padding-bottom: 140px !important;}&#8221;][vc_column]<div class=\"edgtf-elements-holder   edgtf-one-column  edgtf-responsive-mode-768 \" ><div class=\"edgtf-eh-item    \"  data-item-class=\"edgtf-eh-custom-4548\" data-1024-1366=\"0 7%\">\n\t<div class=\"edgtf-eh-item-inner\">\n\t\t<div class=\"edgtf-eh-item-content edgtf-eh-custom-4548\" style=\"padding: 0 7% 0 18%\">\n\t\t\t<div class=\"edgtf-interactive-image-with-text-holder  edgtf-iiwt-has-prefix edgtf-iiwt-prefix-right edgtf-iiwt-small-space edgtf-iiwt-animation\">\n\t\t\t<div class=\"edgtf-iiwt-prefix-holder\">\n\t\t\t<div class=\"edgtf-iiwt-prefix-inner\" style=\"color: #575757\">\n\t\t\t\t<svg class=\"edgtf-iiwt-prefix-text\"><text>FILM<\/text><\/svg>\n\t\t\t<\/div>\n\t\t<\/div>\n\t\t<div class=\"edgtf-iiwt-inner\">\n\t\t<div class=\"edgtf-iiwt-image\">\n\t\t\t\t\t\t\t<a itemprop=\"url\" href=\"https:\/\/www.salvatore-esposito.com\/it\/archives\/portfolio-item\/nella-tana-dei-lupi-2\/\" target=\"_self\">\n\t\t\t\t\t\t\t\t\t\t\t\t<img loading=\"lazy\" decoding=\"async\" width=\"1080\" height=\"538\" src=\"https:\/\/www.salvatore-esposito.com\/wp-content\/uploads\/2025\/05\/Foto-Home-Page-Nella-tana-dei-lupi-2.jpg\" class=\"attachment-full size-full\" alt=\"\" srcset=\"https:\/\/www.salvatore-esposito.com\/wp-content\/uploads\/2025\/05\/Foto-Home-Page-Nella-tana-dei-lupi-2.jpg 1080w, https:\/\/www.salvatore-esposito.com\/wp-content\/uploads\/2025\/05\/Foto-Home-Page-Nella-tana-dei-lupi-2-768x383.jpg 768w, https:\/\/www.salvatore-esposito.com\/wp-content\/uploads\/2025\/05\/Foto-Home-Page-Nella-tana-dei-lupi-2-800x399.jpg 800w\" sizes=\"auto, (max-width: 1080px) 100vw, 1080px\" \/>\t\t\t\t\t\t\t\t\t\t\t<\/a>\n\t\t\t\t\t<\/div>\n\t\t<div class=\"edgtf-iiwt-content\">\n\t\t\t\t\t\t\t<span class=\"edgtf-iiwt-title\" style=\"color: #ffffff\">Nella Tana dei Lupi 2<\/span>\n\t\t\t\t\t\t\t\t\t\t<p class=\"edgtf-iiwt-text\" style=\"color: #ffffff\">Sono passati due anni dal colpo alla Federal Reserve quando il gruppo di Merrimen \u00e8 stato decimato e l&#039;unit\u00e0 Major Crimes dello sceriffo della contea ha subito gravi perdite.<\/p>\n\t\t\t\t\t\t\t\t\t\t<div class=\"edgtf-iiwt-button\" >\n\t\t\t\t\t<a itemprop=\"url\" href=\"https:\/\/www.salvatore-esposito.com\/it\/archives\/portfolio-item\/nella-tana-dei-lupi-2\/\" target=\"_self\"  class=\"edgtf-btn edgtf-btn-medium edgtf-btn-outline edgtf-btn-light edgtf-hover-animation\"  >    <span class=\"edgtf-btn-text\">Scheda Film<\/span>    <\/a>\t\t\t\t<\/div>\n\t\t\t\t\t<\/div>\n\t<\/div>\n<\/div>\t\t<\/div>\n\t<\/div>\n<\/div><\/div>[\/vc_column][\/vc_row][vc_row disable_background_image=&#8221;680&#8243; css=&#8221;.vc_custom_1653477543780{padding-top: 70px !important;padding-bottom: 140px !important;}&#8221; simple_background_image=&#8221;19773&#8243;][vc_column]<div class=\"edgtf-elements-holder   edgtf-one-column  edgtf-responsive-mode-768 \" ><div class=\"edgtf-eh-item    \"  data-item-class=\"edgtf-eh-custom-7917\" data-1024-1366=\"0 7%\">\n\t<div class=\"edgtf-eh-item-inner\">\n\t\t<div class=\"edgtf-eh-item-content edgtf-eh-custom-7917\" style=\"padding: 0 7% 0 18%\">\n\t\t\t<div class=\"edgtf-interactive-image-with-text-holder  edgtf-iiwt-has-prefix edgtf-iiwt-prefix-right edgtf-iiwt-small-space edgtf-iiwt-animation\">\n\t\t\t<div class=\"edgtf-iiwt-prefix-holder\">\n\t\t\t<div class=\"edgtf-iiwt-prefix-inner\" style=\"color: #575757\">\n\t\t\t\t<svg class=\"edgtf-iiwt-prefix-text\"><text>FILM<\/text><\/svg>\n\t\t\t<\/div>\n\t\t<\/div>\n\t\t<div class=\"edgtf-iiwt-inner\">\n\t\t<div class=\"edgtf-iiwt-image\">\n\t\t\t\t\t\t\t<a itemprop=\"url\" href=\"https:\/\/www.salvatore-esposito.com\/it\/archives\/portfolio-item\/la-cena-perfetta\/\" target=\"_self\">\n\t\t\t\t\t\t\t\t\t\t\t\t<img loading=\"lazy\" decoding=\"async\" width=\"994\" height=\"538\" src=\"https:\/\/www.salvatore-esposito.com\/wp-content\/uploads\/2022\/05\/cena_home.jpg\" class=\"attachment-full size-full\" alt=\"\" srcset=\"https:\/\/www.salvatore-esposito.com\/wp-content\/uploads\/2022\/05\/cena_home.jpg 994w, https:\/\/www.salvatore-esposito.com\/wp-content\/uploads\/2022\/05\/cena_home-800x433.jpg 800w, https:\/\/www.salvatore-esposito.com\/wp-content\/uploads\/2022\/05\/cena_home-768x416.jpg 768w\" sizes=\"auto, (max-width: 994px) 100vw, 994px\" \/>\t\t\t\t\t\t\t\t\t\t\t<\/a>\n\t\t\t\t\t<\/div>\n\t\t<div class=\"edgtf-iiwt-content\">\n\t\t\t\t\t\t\t<span class=\"edgtf-iiwt-title\" style=\"color: #ffffff\">La cena perfetta<\/span>\n\t\t\t\t\t\t\t\t\t\t<p class=\"edgtf-iiwt-text\" style=\"color: #ffffff\">Carmine, un camorrista dal cuore buono, gestisce un ristorante per riciclare soldi sporchi, e si ritrova a collaborare con Consuelo, una chef alla ricerca della perfezione.<\/p>\n\t\t\t\t\t\t\t\t\t\t<div class=\"edgtf-iiwt-button\" >\n\t\t\t\t\t<a itemprop=\"url\" href=\"https:\/\/www.salvatore-esposito.com\/it\/archives\/portfolio-item\/la-cena-perfetta\/\" target=\"_self\"  class=\"edgtf-btn edgtf-btn-medium edgtf-btn-outline edgtf-btn-light edgtf-hover-animation\"  >    <span class=\"edgtf-btn-text\">Scheda Film<\/span>    <\/a>\t\t\t\t<\/div>\n\t\t\t\t\t<\/div>\n\t<\/div>\n<\/div>\t\t<\/div>\n\t<\/div>\n<\/div><\/div>[\/vc_column][\/vc_row][vc_row disable_background_image=&#8221;680&#8243; css=&#8221;.vc_custom_1663150292929{padding-top: 70px !important;padding-bottom: 110px !important;}&#8221; simple_background_image=&#8221;25548&#8243;][vc_column]<div class=\"edgtf-elements-holder   edgtf-one-column  edgtf-responsive-mode-768 \" ><div class=\"edgtf-eh-item    \"  data-item-class=\"edgtf-eh-custom-8841\" data-1024-1366=\"0 7%\">\n\t<div class=\"edgtf-eh-item-inner\">\n\t\t<div class=\"edgtf-eh-item-content edgtf-eh-custom-8841\" style=\"padding: 0 0 0 11%\">\n\t\t\t<div class=\"edgtf-interactive-image-with-text-holder  edgtf-iiwt-has-prefix edgtf-iiwt-prefix-left edgtf-iiwt-small-space edgtf-iiwt-animation\">\n\t\t\t<div class=\"edgtf-iiwt-prefix-holder\">\n\t\t\t<div class=\"edgtf-iiwt-prefix-inner\" style=\"color: #575757\">\n\t\t\t\t<svg class=\"edgtf-iiwt-prefix-text\"><text>FILM<\/text><\/svg>\n\t\t\t<\/div>\n\t\t<\/div>\n\t\t<div class=\"edgtf-iiwt-inner\">\n\t\t<div class=\"edgtf-iiwt-image\">\n\t\t\t\t\t\t\t<a itemprop=\"url\" href=\"https:\/\/www.salvatore-esposito.com\/it\/archives\/portfolio-item\/rosanero\/\" target=\"_self\">\n\t\t\t\t\t\t\t\t\t\t\t\t<img loading=\"lazy\" decoding=\"async\" width=\"994\" height=\"538\" src=\"https:\/\/www.salvatore-esposito.com\/wp-content\/uploads\/2022\/09\/rosanero_base_home.jpg\" class=\"attachment-full size-full\" alt=\"\" srcset=\"https:\/\/www.salvatore-esposito.com\/wp-content\/uploads\/2022\/09\/rosanero_base_home.jpg 994w, https:\/\/www.salvatore-esposito.com\/wp-content\/uploads\/2022\/09\/rosanero_base_home-800x433.jpg 800w, https:\/\/www.salvatore-esposito.com\/wp-content\/uploads\/2022\/09\/rosanero_base_home-768x416.jpg 768w\" sizes=\"auto, (max-width: 994px) 100vw, 994px\" \/>\t\t\t\t\t\t\t\t\t\t\t<\/a>\n\t\t\t\t\t<\/div>\n\t\t<div class=\"edgtf-iiwt-content\">\n\t\t\t\t\t\t\t<span class=\"edgtf-iiwt-title\" style=\"color: #ffffff\">Rosanero<\/span>\n\t\t\t\t\t\t\t\t\t\t<p class=\"edgtf-iiwt-text\" style=\"color: #ffffff\">Tot\u00f2 ha quarant\u2019anni ed \u00e8 un boss emergente della criminalit\u00e0 organizzata del napoletano. \u00c9 circondato da fedelissimi, ha abitudini eccentriche..<\/p>\n\t\t\t\t\t\t\t\t\t\t<div class=\"edgtf-iiwt-button\" >\n\t\t\t\t\t<a itemprop=\"url\" href=\"https:\/\/www.salvatore-esposito.com\/it\/archives\/portfolio-item\/rosanero\/\" target=\"_self\"  class=\"edgtf-btn edgtf-btn-medium edgtf-btn-outline edgtf-btn-light edgtf-hover-animation\"  >    <span class=\"edgtf-btn-text\">Scheda Film<\/span>    <\/a>\t\t\t\t<\/div>\n\t\t\t\t\t<\/div>\n\t<\/div>\n<\/div>\t\t<\/div>\n\t<\/div>\n<\/div><\/div>[\/vc_column][\/vc_row][vc_row row_content_width=&#8221;grid&#8221; css=&#8221;.vc_custom_1617128236784{padding-top: 30px !important;padding-bottom: 62px !important;}&#8221;][vc_column]<div class=\"edgtf-section-title-holder  edgtf-st-standard edgtf-st-title-left edgtf-st-ratio-1-2 edgtf-st-large-space\" style=\"text-align: center\">\n\t<div class=\"edgtf-st-inner\">\n\t\t\t\t\t<h1 class=\"edgtf-st-title\" style=\"color: #ffffff\">\n\t\t\t\tTRAILERS\t\t\t<\/h1>\n\t\t\t\t\t\t\t<h6 class=\"edgtf-st-text\" style=\"color: #e8ca06\">\n\t\t\t\tTrailers Film e serie Tv\t\t\t<\/h6>\n\t\t\t<\/div>\n<\/div>[\/vc_column][\/vc_row][vc_row simple_background_color=&#8221;#111111&#8243;][vc_column]<div class=\"edgtf-lic-holder edgtf-light-skin edgtf-owl-custom-nav\">\n\t<div class=\"edgtf-lic-inner edgtf-owl-slider\" data-number-of-items=\"1\" data-enable-loop=\"yes\" data-enable-autoplay=\"yes\" data-enable-autoplay-hover-pause=\"no\" data-slider-speed=\"4000\" data-slider-speed-animation=\"800\" data-enable-center=\"yes\" data-slider-custom-padding=\"yes\" data-enable-navigation=\"yes\" data-enable-pagination=\"no\">\n\t\t\t\t\t\t<div class=\"edgtf-lic-item edgtf-has-video\">\n\t\t\t\t\t<a itemprop=\"url\" class=\"edgtf-lic-item-link\" href=\"https:\/\/www.youtube.com\/watch?v=dPlCcDXxnl8\" title=\"\" data-rel=\"prettyPhoto[lic_pretty_photo-39859]\">\n\t\t\t\t\t\t<img loading=\"lazy\" decoding=\"async\" width=\"2560\" height=\"1440\" src=\"https:\/\/www.salvatore-esposito.com\/wp-content\/uploads\/2025\/04\/Nella-tana-dei-lupi-2-scaled.jpg\" class=\"attachment-full size-full\" alt=\"\" srcset=\"https:\/\/www.salvatore-esposito.com\/wp-content\/uploads\/2025\/04\/Nella-tana-dei-lupi-2-scaled.jpg 2560w, https:\/\/www.salvatore-esposito.com\/wp-content\/uploads\/2025\/04\/Nella-tana-dei-lupi-2-768x432.jpg 768w, https:\/\/www.salvatore-esposito.com\/wp-content\/uploads\/2025\/04\/Nella-tana-dei-lupi-2-1536x864.jpg 1536w, https:\/\/www.salvatore-esposito.com\/wp-content\/uploads\/2025\/04\/Nella-tana-dei-lupi-2-800x450.jpg 800w\" sizes=\"auto, (max-width: 2560px) 100vw, 2560px\" \/>\t\t\t\t\t<\/a>\n\t\t\t\t<\/div>\n\t\t\t\t\t\t\t\t<div class=\"edgtf-lic-item edgtf-has-video\">\n\t\t\t\t\t<a itemprop=\"url\" class=\"edgtf-lic-item-link\" href=\"https:\/\/youtu.be\/IDtH7o-tUxE\" title=\"\" data-rel=\"prettyPhoto[lic_pretty_photo-39859]\">\n\t\t\t\t\t\t<img loading=\"lazy\" decoding=\"async\" width=\"1598\" height=\"800\" src=\"https:\/\/www.salvatore-esposito.com\/wp-content\/uploads\/2024\/11\/1730809691-piedone-uno-sbirro-a-napoli.png\" class=\"attachment-full size-full\" alt=\"trailer-Piedone-uno-sbirro-a-Napoli\" srcset=\"https:\/\/www.salvatore-esposito.com\/wp-content\/uploads\/2024\/11\/1730809691-piedone-uno-sbirro-a-napoli.png 1598w, https:\/\/www.salvatore-esposito.com\/wp-content\/uploads\/2024\/11\/1730809691-piedone-uno-sbirro-a-napoli-768x384.png 768w, https:\/\/www.salvatore-esposito.com\/wp-content\/uploads\/2024\/11\/1730809691-piedone-uno-sbirro-a-napoli-1536x769.png 1536w, https:\/\/www.salvatore-esposito.com\/wp-content\/uploads\/2024\/11\/1730809691-piedone-uno-sbirro-a-napoli-1100x550.png 1100w, https:\/\/www.salvatore-esposito.com\/wp-content\/uploads\/2024\/11\/1730809691-piedone-uno-sbirro-a-napoli-800x401.png 800w\" sizes=\"auto, (max-width: 1598px) 100vw, 1598px\" \/>\t\t\t\t\t<\/a>\n\t\t\t\t<\/div>\n\t\t\t\t\t\t\t\t<div class=\"edgtf-lic-item edgtf-has-video\">\n\t\t\t\t\t<a itemprop=\"url\" class=\"edgtf-lic-item-link\" href=\"https:\/\/vimeo.com\/696597022\" title=\"La cena perfetta\" data-rel=\"prettyPhoto[lic_pretty_photo-39859]\">\n\t\t\t\t\t\t<img loading=\"lazy\" decoding=\"async\" width=\"1018\" height=\"597\" src=\"https:\/\/www.salvatore-esposito.com\/wp-content\/uploads\/2022\/05\/trailer_cena.jpg\" class=\"attachment-full size-full\" alt=\"\" srcset=\"https:\/\/www.salvatore-esposito.com\/wp-content\/uploads\/2022\/05\/trailer_cena.jpg 1018w, https:\/\/www.salvatore-esposito.com\/wp-content\/uploads\/2022\/05\/trailer_cena-800x469.jpg 800w, https:\/\/www.salvatore-esposito.com\/wp-content\/uploads\/2022\/05\/trailer_cena-768x450.jpg 768w\" sizes=\"auto, (max-width: 1018px) 100vw, 1018px\" \/>\t\t\t\t\t<\/a>\n\t\t\t\t<\/div>\n\t\t\t\t\t\t\t\t<div class=\"edgtf-lic-item edgtf-has-video\">\n\t\t\t\t\t<a itemprop=\"url\" class=\"edgtf-lic-item-link\" href=\"https:\/\/vimeo.com\/672310231\" title=\"Gomorra 5\" data-rel=\"prettyPhoto[lic_pretty_photo-39859]\">\n\t\t\t\t\t\t<img loading=\"lazy\" decoding=\"async\" width=\"1018\" height=\"597\" src=\"https:\/\/www.salvatore-esposito.com\/wp-content\/uploads\/2022\/05\/tr.jpg\" class=\"attachment-full size-full\" alt=\"\" srcset=\"https:\/\/www.salvatore-esposito.com\/wp-content\/uploads\/2022\/05\/tr.jpg 1018w, https:\/\/www.salvatore-esposito.com\/wp-content\/uploads\/2022\/05\/tr-800x469.jpg 800w, https:\/\/www.salvatore-esposito.com\/wp-content\/uploads\/2022\/05\/tr-768x450.jpg 768w\" sizes=\"auto, (max-width: 1018px) 100vw, 1018px\" \/>\t\t\t\t\t<\/a>\n\t\t\t\t<\/div>\n\t\t\t\t\t\t\t\t<div class=\"edgtf-lic-item edgtf-has-video\">\n\t\t\t\t\t<a itemprop=\"url\" class=\"edgtf-lic-item-link\" href=\"https:\/\/vimeo.com\/317255284\" title=\"Gomorra 4\" data-rel=\"prettyPhoto[lic_pretty_photo-39859]\">\n\t\t\t\t\t\t<img loading=\"lazy\" decoding=\"async\" width=\"1018\" height=\"597\" src=\"https:\/\/www.salvatore-esposito.com\/wp-content\/uploads\/2021\/04\/VGOMORRA4.jpg\" class=\"attachment-full size-full\" alt=\"\" srcset=\"https:\/\/www.salvatore-esposito.com\/wp-content\/uploads\/2021\/04\/VGOMORRA4.jpg 1018w, https:\/\/www.salvatore-esposito.com\/wp-content\/uploads\/2021\/04\/VGOMORRA4-800x469.jpg 800w, https:\/\/www.salvatore-esposito.com\/wp-content\/uploads\/2021\/04\/VGOMORRA4-768x450.jpg 768w\" sizes=\"auto, (max-width: 1018px) 100vw, 1018px\" \/>\t\t\t\t\t<\/a>\n\t\t\t\t<\/div>\n\t\t\t\t\t\t\t\t<div class=\"edgtf-lic-item edgtf-has-video\">\n\t\t\t\t\t<a itemprop=\"url\" class=\"edgtf-lic-item-link\" href=\"https:\/\/vimeo.com\/314972704\" title=\"\" data-rel=\"prettyPhoto[lic_pretty_photo-39859]\">\n\t\t\t\t\t\t<img loading=\"lazy\" decoding=\"async\" width=\"1018\" height=\"597\" src=\"https:\/\/www.salvatore-esposito.com\/wp-content\/uploads\/2021\/04\/VSPACCAPIETRE.jpg\" class=\"attachment-full size-full\" alt=\"\" srcset=\"https:\/\/www.salvatore-esposito.com\/wp-content\/uploads\/2021\/04\/VSPACCAPIETRE.jpg 1018w, https:\/\/www.salvatore-esposito.com\/wp-content\/uploads\/2021\/04\/VSPACCAPIETRE-800x469.jpg 800w, https:\/\/www.salvatore-esposito.com\/wp-content\/uploads\/2021\/04\/VSPACCAPIETRE-768x450.jpg 768w\" sizes=\"auto, (max-width: 1018px) 100vw, 1018px\" \/>\t\t\t\t\t<\/a>\n\t\t\t\t<\/div>\n\t\t\t\t\t\t\t\t<div class=\"edgtf-lic-item edgtf-has-video\">\n\t\t\t\t\t<a itemprop=\"url\" class=\"edgtf-lic-item-link\" href=\"https:\/\/vimeo.com\/314972704\" title=\"\" data-rel=\"prettyPhoto[lic_pretty_photo-39859]\">\n\t\t\t\t\t\t<img loading=\"lazy\" decoding=\"async\" width=\"1018\" height=\"597\" src=\"https:\/\/www.salvatore-esposito.com\/wp-content\/uploads\/2021\/04\/VERORE.jpg\" class=\"attachment-full size-full\" alt=\"\" srcset=\"https:\/\/www.salvatore-esposito.com\/wp-content\/uploads\/2021\/04\/VERORE.jpg 1018w, https:\/\/www.salvatore-esposito.com\/wp-content\/uploads\/2021\/04\/VERORE-800x469.jpg 800w, https:\/\/www.salvatore-esposito.com\/wp-content\/uploads\/2021\/04\/VERORE-768x450.jpg 768w\" sizes=\"auto, (max-width: 1018px) 100vw, 1018px\" \/>\t\t\t\t\t<\/a>\n\t\t\t\t<\/div>\n\t\t\t\t\t\t\t\t<div class=\"edgtf-lic-item edgtf-has-video\">\n\t\t\t\t\t<a itemprop=\"url\" class=\"edgtf-lic-item-link\" href=\"https:\/\/www.youtube.com\/watch?v=QHcAxCep7as\" title=\"\" data-rel=\"prettyPhoto[lic_pretty_photo-39859]\">\n\t\t\t\t\t\t<img loading=\"lazy\" decoding=\"async\" width=\"1018\" height=\"597\" src=\"https:\/\/www.salvatore-esposito.com\/wp-content\/uploads\/2023\/09\/sposo.jpg\" class=\"attachment-full size-full\" alt=\"\" srcset=\"https:\/\/www.salvatore-esposito.com\/wp-content\/uploads\/2023\/09\/sposo.jpg 1018w, https:\/\/www.salvatore-esposito.com\/wp-content\/uploads\/2023\/09\/sposo-768x450.jpg 768w, https:\/\/www.salvatore-esposito.com\/wp-content\/uploads\/2023\/09\/sposo-800x469.jpg 800w\" sizes=\"auto, (max-width: 1018px) 100vw, 1018px\" \/>\t\t\t\t\t<\/a>\n\t\t\t\t<\/div>\n\t\t\t\t\t\t\t\t<div class=\"edgtf-lic-item edgtf-has-video\">\n\t\t\t\t\t<a itemprop=\"url\" class=\"edgtf-lic-item-link\" href=\"https:\/\/vimeo.com\/738208838\" title=\"\" data-rel=\"prettyPhoto[lic_pretty_photo-39859]\">\n\t\t\t\t\t\t<img loading=\"lazy\" decoding=\"async\" width=\"1018\" height=\"597\" src=\"https:\/\/www.salvatore-esposito.com\/wp-content\/uploads\/2023\/09\/rosa.jpg\" class=\"attachment-full size-full\" alt=\"\" srcset=\"https:\/\/www.salvatore-esposito.com\/wp-content\/uploads\/2023\/09\/rosa.jpg 1018w, https:\/\/www.salvatore-esposito.com\/wp-content\/uploads\/2023\/09\/rosa-768x450.jpg 768w, https:\/\/www.salvatore-esposito.com\/wp-content\/uploads\/2023\/09\/rosa-800x469.jpg 800w\" sizes=\"auto, (max-width: 1018px) 100vw, 1018px\" \/>\t\t\t\t\t<\/a>\n\t\t\t\t<\/div>\n\t\t\t\t\t<\/div>\n<\/div>[\/vc_column][\/vc_row][vc_row disable_element=&#8221;yes&#8221; row_content_width=&#8221;grid&#8221; simple_background_color=&#8221;#111111&#8243;][vc_column]<div class=\"edgtf-lic-holder edgtf-light-skin \">\n\t<div class=\"edgtf-lic-inner edgtf-owl-slider\" data-number-of-items=\"1\" data-enable-loop=\"yes\" data-enable-autoplay=\"no\" data-enable-autoplay-hover-pause=\"no\" data-slider-speed=\"4000\" data-slider-speed-animation=\"800\" data-enable-center=\"yes\" data-slider-custom-padding=\"yes\" data-enable-navigation=\"no\" data-enable-pagination=\"no\">\n\t\t\t\t\t\t<div class=\"edgtf-lic-item edgtf-has-video\">\n\t\t\t\t\t<a itemprop=\"url\" class=\"edgtf-lic-item-link\" href=\"https:\/\/vimeo.com\/675534929\" title=\"Gomorra 4\" data-rel=\"prettyPhoto[lic_pretty_photo-28873]\">\n\t\t\t\t\t\t<img loading=\"lazy\" decoding=\"async\" width=\"760\" height=\"618\" src=\"https:\/\/www.salvatore-esposito.com\/wp-content\/uploads\/2022\/02\/friend2.jpg\" class=\"attachment-full size-full\" alt=\"\" srcset=\"https:\/\/www.salvatore-esposito.com\/wp-content\/uploads\/2022\/02\/friend2.jpg 760w, https:\/\/www.salvatore-esposito.com\/wp-content\/uploads\/2022\/02\/friend2-450x366.jpg 450w\" sizes=\"auto, (max-width: 760px) 100vw, 760px\" \/>\t\t\t\t\t<\/a>\n\t\t\t\t<\/div>\n\t\t\t\t\t<\/div>\n<\/div>[\/vc_column][\/vc_row][vc_row content_placement=&#8221;middle&#8221; disable_element=&#8221;yes&#8221; row_content_width=&#8221;grid&#8221; content_text_aligment=&#8221;center&#8221; css=&#8221;.vc_custom_1645383547024{padding-top: 30px !important;padding-bottom: 7px !important;}&#8221;][vc_column]<a itemprop=\"url\" href=\"https:\/\/www.salvatore-esposito.com\/it\/selfie-for-friends\/\" target=\"_self\" style=\"color: #ffffff;border-color: #ffffff\" class=\"edgtf-btn edgtf-btn-medium edgtf-btn-outline edgtf-btn-light edgtf-hover-animation\"  >\n    <span class=\"edgtf-btn-text\">Scopri di pi\u00f9<\/span>\n    <\/a>[\/vc_column][\/vc_row][vc_row row_content_width=&#8221;grid&#8221; css=&#8221;.vc_custom_1624962907035{padding-top: 90px !important;padding-bottom: 62px !important;}&#8221;][vc_column]<div class=\"edgtf-section-title-holder  edgtf-st-standard edgtf-st-title-left edgtf-st-ratio-1-2 edgtf-st-large-space\" style=\"text-align: center\">\n\t<div class=\"edgtf-st-inner\">\n\t\t\t\t\t<h1 class=\"edgtf-st-title\" style=\"color: #ffffff\">\n\t\t\t\tUltime news\t\t\t<\/h1>\n\t\t\t\t\t\t\t<h6 class=\"edgtf-st-text\" style=\"color: #e8ca06\">\n\t\t\t\tNotizie dal mondo Salvatore Esposito\t\t\t<\/h6>\n\t\t\t<\/div>\n<\/div>[\/vc_column][\/vc_row][vc_row row_content_width=&#8221;grid&#8221; content_text_aligment=&#8221;center&#8221; css=&#8221;.vc_custom_1645207920424{padding-bottom: 7px !important;}&#8221;][vc_column]<div class=\"edgtf-blog-list-holder edgtf-bl-standard edgtf-bl-four-columns edgtf-large-space edgtf-bl-light edgtf-bl-has-image edgtf-bl-pag-no-pagination\"  data-type=standard data-number-of-posts=4 data-number-of-columns=4 data-space-between-items=large data-category=news data-orderby=date data-order=DESC data-image-size=full data-skin=light data-title-tag=h5 data-excerpt-length=40 data-post-info-section=yes data-post-info-image=yes data-post-info-author=yes data-post-info-date=yes data-post-info-category=yes data-post-info-comments=no data-post-info-like=no data-post-info-share=no data-post-read-more=no data-pagination-type=no-pagination data-max-num-pages=21 data-next-page=2>\n\t<div class=\"edgtf-bl-wrapper edgtf-outer-space\">\n\t\t<ul class=\"edgtf-blog-list\">\n\t\t\t<li class=\"edgtf-bl-item edgtf-item-space clearfix\">\n\t<div class=\"edgtf-bli-inner\">\n\t\t\n\t<div class=\"edgtf-post-image\">\n\t\t            <a itemprop=\"url\" href=\"https:\/\/www.salvatore-esposito.com\/it\/archives\/salvatore-esposito-protagonista-di-avemmaria-al-torino-film-festival\/\" title=\"Salvatore Esposito protagonista di \u201cAvemmaria\u201d al Torino Film Festival\">\n\t\t\t\t\t<img loading=\"lazy\" decoding=\"async\" width=\"1400\" height=\"1050\" src=\"https:\/\/www.salvatore-esposito.com\/wp-content\/uploads\/2025\/11\/foto-sito-web-salvatore-esposito-principale-articolo-TFF-Avemmaria-ufficio-stampa-MNC-1.jpg\" class=\"attachment-full size-full wp-post-image\" alt=\"\" srcset=\"https:\/\/www.salvatore-esposito.com\/wp-content\/uploads\/2025\/11\/foto-sito-web-salvatore-esposito-principale-articolo-TFF-Avemmaria-ufficio-stampa-MNC-1.jpg 1400w, https:\/\/www.salvatore-esposito.com\/wp-content\/uploads\/2025\/11\/foto-sito-web-salvatore-esposito-principale-articolo-TFF-Avemmaria-ufficio-stampa-MNC-1-768x576.jpg 768w, https:\/\/www.salvatore-esposito.com\/wp-content\/uploads\/2025\/11\/foto-sito-web-salvatore-esposito-principale-articolo-TFF-Avemmaria-ufficio-stampa-MNC-1-800x600.jpg 800w\" sizes=\"auto, (max-width: 1400px) 100vw, 1400px\" \/>\t\t\t\t\t\t\t\t\t<\/a>\n\t\t\t\t\t<\/div>\n        <div class=\"edgtf-bli-content\">\n                            <div class=\"edgtf-bli-info\">\n\t                <div itemprop=\"dateCreated\" class=\"edgtf-post-info-date entry-date published updated\">\n\t\t\t<a itemprop=\"url\" href=\"https:\/\/www.salvatore-esposito.com\/it\/archives\/2025\/11\/\">\n\t\t\t\t\t\t25\/11\/2025\t\t<\/a>\n\t\t<meta itemprop=\"interactionCount\" content=\"UserComments: 0\"\/>\n<\/div><div class=\"edgtf-post-info-author\">\n    <span class=\"edgtf-post-info-author-text\">\n        by    <\/span>\n    <a itemprop=\"author\" class=\"edgtf-post-info-author-link\" href=\"https:\/\/www.salvatore-esposito.com\/it\/archives\/author\/elevo-agency\/\">\n        Elevo    <\/a>\n<\/div><div class=\"edgtf-post-info-category\">\n    <a href=\"https:\/\/www.salvatore-esposito.com\/it\/archives\/category\/in-evidenza\/\" rel=\"category tag\">In evidenza<\/a>, <a href=\"https:\/\/www.salvatore-esposito.com\/it\/archives\/category\/news\/\" rel=\"category tag\">News<\/a>, <a href=\"https:\/\/www.salvatore-esposito.com\/it\/archives\/category\/non-categorizzato\/\" rel=\"category tag\">Non categorizzato<\/a><\/div>                <\/div>\n            \t\n\t        \n<h5 itemprop=\"name\" class=\"entry-title edgtf-post-title\" >\n            <a itemprop=\"url\" href=\"https:\/\/www.salvatore-esposito.com\/it\/archives\/salvatore-esposito-protagonista-di-avemmaria-al-torino-film-festival\/\" title=\"Salvatore Esposito protagonista di \u201cAvemmaria\u201d al Torino Film Festival\">\n            Salvatore Esposito protagonista di \u201cAvemmaria\u201d al Torino Film Festival            <\/a>\n    <\/h5>\t\n\t        <div class=\"edgtf-bli-excerpt\">\n\t\t        \t\t<div class=\"edgtf-post-excerpt-holder\">\n\t\t\t<p itemprop=\"description\" class=\"edgtf-post-excerpt\">\n\t\t\t\t[vc_row][vc_column][vc_column_text css=\"\"]\r\nIl 24 novembre al Torino Film Festival, nella sezione Zibaldone, \u00e8 stato presentato Avemmaria, opera prima alla regia di Fortunato Cerlino. Un debutto importante, che ha visto tra i suoi punti di forza proprio l\u2019interpretazione intensa e profondamente empatica\t\t\t<\/p>\n\t\t<\/div>\n\t\t        <\/div>\n        <\/div>\n\t<\/div>\n<\/li><li class=\"edgtf-bl-item edgtf-item-space clearfix\">\n\t<div class=\"edgtf-bli-inner\">\n\t\t\n\t<div class=\"edgtf-post-image\">\n\t\t            <a itemprop=\"url\" href=\"https:\/\/www.salvatore-esposito.com\/it\/archives\/salvatore-esposito-sara-alla-presentazione-di-avemmaria-di-fortunato-cerlino-al-43tff\/\" title=\"Salvatore Esposito sar\u00e0 alla presentazione di &#8220;Avemmaria\u201d di Fortunato Cerlino al 43TFF\">\n\t\t\t\t\t<img loading=\"lazy\" decoding=\"async\" width=\"1400\" height=\"1050\" src=\"https:\/\/www.salvatore-esposito.com\/wp-content\/uploads\/2025\/11\/Avemmaria-foto-principale-articolo.jpg\" class=\"attachment-full size-full wp-post-image\" alt=\"Avemmaria\" srcset=\"https:\/\/www.salvatore-esposito.com\/wp-content\/uploads\/2025\/11\/Avemmaria-foto-principale-articolo.jpg 1400w, https:\/\/www.salvatore-esposito.com\/wp-content\/uploads\/2025\/11\/Avemmaria-foto-principale-articolo-768x576.jpg 768w, https:\/\/www.salvatore-esposito.com\/wp-content\/uploads\/2025\/11\/Avemmaria-foto-principale-articolo-800x600.jpg 800w\" sizes=\"auto, (max-width: 1400px) 100vw, 1400px\" \/>\t\t\t\t\t\t\t\t\t<\/a>\n\t\t\t\t\t<\/div>\n        <div class=\"edgtf-bli-content\">\n                            <div class=\"edgtf-bli-info\">\n\t                <div itemprop=\"dateCreated\" class=\"edgtf-post-info-date entry-date published updated\">\n\t\t\t<a itemprop=\"url\" href=\"https:\/\/www.salvatore-esposito.com\/it\/archives\/2025\/11\/\">\n\t\t\t\t\t\t21\/11\/2025\t\t<\/a>\n\t\t<meta itemprop=\"interactionCount\" content=\"UserComments: 0\"\/>\n<\/div><div class=\"edgtf-post-info-author\">\n    <span class=\"edgtf-post-info-author-text\">\n        by    <\/span>\n    <a itemprop=\"author\" class=\"edgtf-post-info-author-link\" href=\"https:\/\/www.salvatore-esposito.com\/it\/archives\/author\/elevo-agency\/\">\n        Elevo    <\/a>\n<\/div><div class=\"edgtf-post-info-category\">\n    <a href=\"https:\/\/www.salvatore-esposito.com\/it\/archives\/category\/in-evidenza\/\" rel=\"category tag\">In evidenza<\/a>, <a href=\"https:\/\/www.salvatore-esposito.com\/it\/archives\/category\/news\/\" rel=\"category tag\">News<\/a>, <a href=\"https:\/\/www.salvatore-esposito.com\/it\/archives\/category\/non-categorizzato\/\" rel=\"category tag\">Non categorizzato<\/a><\/div>                <\/div>\n            \t\n\t        \n<h5 itemprop=\"name\" class=\"entry-title edgtf-post-title\" >\n            <a itemprop=\"url\" href=\"https:\/\/www.salvatore-esposito.com\/it\/archives\/salvatore-esposito-sara-alla-presentazione-di-avemmaria-di-fortunato-cerlino-al-43tff\/\" title=\"Salvatore Esposito sar\u00e0 alla presentazione di &#8220;Avemmaria\u201d di Fortunato Cerlino al 43TFF\">\n            Salvatore Esposito sar\u00e0 alla presentazione di &#8220;Avemmaria\u201d di Fortunato Cerlino al 43TFF            <\/a>\n    <\/h5>\t\n\t        <div class=\"edgtf-bli-excerpt\">\n\t\t        \t\t<div class=\"edgtf-post-excerpt-holder\">\n\t\t\t<p itemprop=\"description\" class=\"edgtf-post-excerpt\">\n\t\t\t\t[vc_row][vc_column][vc_column_text css=\"\"]Sar\u00e0 domenica 23 novembre il giorno della presentazione ufficiale, nella sezione Zibaldone del 43\u00b0 Torino Film Festival, di Avemmaria, debutto alla regia dello scrittore e attore Fortunato Cerlino. Il film nasce dal suo libro autobiografico Se vuoi vivere felice\t\t\t<\/p>\n\t\t<\/div>\n\t\t        <\/div>\n        <\/div>\n\t<\/div>\n<\/li><li class=\"edgtf-bl-item edgtf-item-space clearfix\">\n\t<div class=\"edgtf-bli-inner\">\n\t\t\n\t<div class=\"edgtf-post-image\">\n\t\t            <a itemprop=\"url\" href=\"https:\/\/www.salvatore-esposito.com\/it\/archives\/salvatore-esposito-al-cineci\/\" title=\"Salvatore Esposito al Cinec\u00ec\">\n\t\t\t\t\t<img loading=\"lazy\" decoding=\"async\" width=\"1400\" height=\"1050\" src=\"https:\/\/www.salvatore-esposito.com\/wp-content\/uploads\/2025\/09\/foto-sito-web-salvatore-esposito-principale-articolo_cineci-2.jpg\" class=\"attachment-full size-full wp-post-image\" alt=\"Salvatore Esposito cinec\u00ec Palma Campania\" srcset=\"https:\/\/www.salvatore-esposito.com\/wp-content\/uploads\/2025\/09\/foto-sito-web-salvatore-esposito-principale-articolo_cineci-2.jpg 1400w, https:\/\/www.salvatore-esposito.com\/wp-content\/uploads\/2025\/09\/foto-sito-web-salvatore-esposito-principale-articolo_cineci-2-768x576.jpg 768w, https:\/\/www.salvatore-esposito.com\/wp-content\/uploads\/2025\/09\/foto-sito-web-salvatore-esposito-principale-articolo_cineci-2-800x600.jpg 800w\" sizes=\"auto, (max-width: 1400px) 100vw, 1400px\" \/>\t\t\t\t\t\t\t\t\t<\/a>\n\t\t\t\t\t<\/div>\n        <div class=\"edgtf-bli-content\">\n                            <div class=\"edgtf-bli-info\">\n\t                <div itemprop=\"dateCreated\" class=\"edgtf-post-info-date entry-date published updated\">\n\t\t\t<a itemprop=\"url\" href=\"https:\/\/www.salvatore-esposito.com\/it\/archives\/2025\/09\/\">\n\t\t\t\t\t\t18\/09\/2025\t\t<\/a>\n\t\t<meta itemprop=\"interactionCount\" content=\"UserComments: 0\"\/>\n<\/div><div class=\"edgtf-post-info-author\">\n    <span class=\"edgtf-post-info-author-text\">\n        by    <\/span>\n    <a itemprop=\"author\" class=\"edgtf-post-info-author-link\" href=\"https:\/\/www.salvatore-esposito.com\/it\/archives\/author\/elevo-agency\/\">\n        Elevo    <\/a>\n<\/div><div class=\"edgtf-post-info-category\">\n    <a href=\"https:\/\/www.salvatore-esposito.com\/it\/archives\/category\/in-evidenza\/\" rel=\"category tag\">In evidenza<\/a>, <a href=\"https:\/\/www.salvatore-esposito.com\/it\/archives\/category\/news\/\" rel=\"category tag\">News<\/a>, <a href=\"https:\/\/www.salvatore-esposito.com\/it\/archives\/category\/non-categorizzato\/\" rel=\"category tag\">Non categorizzato<\/a><\/div>                <\/div>\n            \t\n\t        \n<h5 itemprop=\"name\" class=\"entry-title edgtf-post-title\" >\n            <a itemprop=\"url\" href=\"https:\/\/www.salvatore-esposito.com\/it\/archives\/salvatore-esposito-al-cineci\/\" title=\"Salvatore Esposito al Cinec\u00ec\">\n            Salvatore Esposito al Cinec\u00ec            <\/a>\n    <\/h5>\t\n\t        <div class=\"edgtf-bli-excerpt\">\n\t\t        \t\t<div class=\"edgtf-post-excerpt-holder\">\n\t\t\t<p itemprop=\"description\" class=\"edgtf-post-excerpt\">\n\t\t\t\t[vc_row][vc_column][vc_column_text css=\"\"]Salvatore Esposito \u00e8 stato ospite al Cinec\u00ec, che si \u00e8 tenuto il 13 Settembre, al Palazzo Aragonese di Palma Campania, dove ha ricevuto il Premio Speciale Cinec\u00ec 25 CortiCulturalClassic per La cena perfetta.\r\n\r\nIntervistato dal direttore artistico Massimo Andrei, ha\t\t\t<\/p>\n\t\t<\/div>\n\t\t        <\/div>\n        <\/div>\n\t<\/div>\n<\/li><li class=\"edgtf-bl-item edgtf-item-space clearfix\">\n\t<div class=\"edgtf-bli-inner\">\n\t\t\n\t<div class=\"edgtf-post-image\">\n\t\t            <a itemprop=\"url\" href=\"https:\/\/www.salvatore-esposito.com\/it\/archives\/salvatore-esposito-al-71-taormina-film-festival\/\" title=\"Salvatore Esposito al 71\u00b0 Taormina Film Festival\">\n\t\t\t\t\t<img loading=\"lazy\" decoding=\"async\" width=\"1400\" height=\"1050\" src=\"https:\/\/www.salvatore-esposito.com\/wp-content\/uploads\/2025\/06\/foto-sito-web-salvatore-esposito-principale-articolo_Taormina-film-festival-1.jpg\" class=\"attachment-full size-full wp-post-image\" alt=\"\" srcset=\"https:\/\/www.salvatore-esposito.com\/wp-content\/uploads\/2025\/06\/foto-sito-web-salvatore-esposito-principale-articolo_Taormina-film-festival-1.jpg 1400w, https:\/\/www.salvatore-esposito.com\/wp-content\/uploads\/2025\/06\/foto-sito-web-salvatore-esposito-principale-articolo_Taormina-film-festival-1-768x576.jpg 768w, https:\/\/www.salvatore-esposito.com\/wp-content\/uploads\/2025\/06\/foto-sito-web-salvatore-esposito-principale-articolo_Taormina-film-festival-1-800x600.jpg 800w\" sizes=\"auto, (max-width: 1400px) 100vw, 1400px\" \/>\t\t\t\t\t\t\t\t\t<\/a>\n\t\t\t\t\t<\/div>\n        <div class=\"edgtf-bli-content\">\n                            <div class=\"edgtf-bli-info\">\n\t                <div itemprop=\"dateCreated\" class=\"edgtf-post-info-date entry-date published updated\">\n\t\t\t<a itemprop=\"url\" href=\"https:\/\/www.salvatore-esposito.com\/it\/archives\/2025\/06\/\">\n\t\t\t\t\t\t17\/06\/2025\t\t<\/a>\n\t\t<meta itemprop=\"interactionCount\" content=\"UserComments: 0\"\/>\n<\/div><div class=\"edgtf-post-info-author\">\n    <span class=\"edgtf-post-info-author-text\">\n        by    <\/span>\n    <a itemprop=\"author\" class=\"edgtf-post-info-author-link\" href=\"https:\/\/www.salvatore-esposito.com\/it\/archives\/author\/elevo-agency\/\">\n        Elevo    <\/a>\n<\/div><div class=\"edgtf-post-info-category\">\n    <a href=\"https:\/\/www.salvatore-esposito.com\/it\/archives\/category\/in-evidenza\/\" rel=\"category tag\">In evidenza<\/a>, <a href=\"https:\/\/www.salvatore-esposito.com\/it\/archives\/category\/news\/\" rel=\"category tag\">News<\/a>, <a href=\"https:\/\/www.salvatore-esposito.com\/it\/archives\/category\/non-categorizzato\/\" rel=\"category tag\">Non categorizzato<\/a><\/div>                <\/div>\n            \t\n\t        \n<h5 itemprop=\"name\" class=\"entry-title edgtf-post-title\" >\n            <a itemprop=\"url\" href=\"https:\/\/www.salvatore-esposito.com\/it\/archives\/salvatore-esposito-al-71-taormina-film-festival\/\" title=\"Salvatore Esposito al 71\u00b0 Taormina Film Festival\">\n            Salvatore Esposito al 71\u00b0 Taormina Film Festival            <\/a>\n    <\/h5>\t\n\t        <div class=\"edgtf-bli-excerpt\">\n\t\t        \t\t<div class=\"edgtf-post-excerpt-holder\">\n\t\t\t<p itemprop=\"description\" class=\"edgtf-post-excerpt\">\n\t\t\t\t[vc_row][vc_column][vc_column_text css=\"\"]Salvatore Esposito \u00e8 stato ospite al 71\u00b0 Taormina Film Festival, che si \u00e8 tenuto dal 10 al 14 Giugno 2025, dove ha ricevuto il\u00a0Premio Taormina Special Award.\r\n\r\nL\u2019attore, anche scrittore, regista e sceneggiatore, ha lanciato dei messaggi molto importanti a\t\t\t<\/p>\n\t\t<\/div>\n\t\t        <\/div>\n        <\/div>\n\t<\/div>\n<\/li>\t\t<\/ul>\n\t<\/div>\n\t<\/div>[\/vc_column][\/vc_row][vc_row disable_element=&#8221;yes&#8221; row_content_width=&#8221;grid&#8221; content_text_aligment=&#8221;center&#8221; css=&#8221;.vc_custom_1645208651784{padding-bottom: 7px !important;}&#8221;][vc_column]<div class=\"edgtf-blog-slider-holder edgtf-bs-carousel\">\n\t<ul class=\"edgtf-blog-slider edgtf-owl-slider\" data-number-of-items=\"2\" data-slider-margin=\"80\" data-slider-padding=\"yes\" data-enable-navigation=\"no\">\n\t\t<li class=\"edgtf-blog-slider-item\">\n\t<div class=\"edgtf-blog-slider-item-inner\">\n\t\t<div class=\"edgtf-item-image\">\n\t\t\t<a itemprop=\"url\" href=\"https:\/\/www.salvatore-esposito.com\/it\/archives\/nuovo-film-spaccapietre\/\">\n\t\t\t\t<img loading=\"lazy\" decoding=\"async\" width=\"1400\" height=\"1050\" src=\"https:\/\/www.salvatore-esposito.com\/wp-content\/uploads\/2019\/10\/spaccapietre.jpg\" class=\"attachment-full size-full wp-post-image\" alt=\"spaccapietre\" srcset=\"https:\/\/www.salvatore-esposito.com\/wp-content\/uploads\/2019\/10\/spaccapietre.jpg 1400w, https:\/\/www.salvatore-esposito.com\/wp-content\/uploads\/2019\/10\/spaccapietre-800x600.jpg 800w, https:\/\/www.salvatore-esposito.com\/wp-content\/uploads\/2019\/10\/spaccapietre-768x576.jpg 768w, https:\/\/www.salvatore-esposito.com\/wp-content\/uploads\/2019\/10\/spaccapietre-624x468.jpg 624w\" sizes=\"auto, (max-width: 1400px) 100vw, 1400px\" \/>\t\t\t<\/a>\n\t\t<\/div>\n\t\t<div class=\"edgtf-bli-content\">\n\t\t\t\n<h5 itemprop=\"name\" class=\"entry-title edgtf-post-title\" >\n            <a itemprop=\"url\" href=\"https:\/\/www.salvatore-esposito.com\/it\/archives\/nuovo-film-spaccapietre\/\" title=\"Nuovo film: Spaccapietre.\">\n            Nuovo film: Spaccapietre.            <\/a>\n    <\/h5>\t\t\t\n\t\t\t<div class=\"edgtf-bli-excerpt\">\n\t\t\t\t\t\t<div class=\"edgtf-post-excerpt-holder\">\n\t\t\t<p itemprop=\"description\" class=\"edgtf-post-excerpt\">\n\t\t\t\t[vc_row][vc_column][vc_column_text]Finite le riprese del nuovo film di Salvatore Esposito \u201cSpaccapietre\u201d. La star di Gomorra affronter\u00e0 un\u2019altra storia\t\t\t<\/p>\n\t\t<\/div>\n\t\t\t\t\t\t<div class=\"edgtf-post-read-more-button\">\n\t\t<a itemprop=\"url\" href=\"https:\/\/www.salvatore-esposito.com\/it\/archives\/nuovo-film-spaccapietre\/\" target=\"_self\"  class=\"edgtf-btn edgtf-btn-medium edgtf-btn-simple edgtf-btn- edgtf-blog-list-button edgtf-hover-animation\"  >    <span class=\"edgtf-btn-text\">Read More<\/span>    <\/a>\t<\/div>\n\t\t\t<\/div>\n\t\t<\/div>\n\t<\/div>\n<\/li><li class=\"edgtf-blog-slider-item\">\n\t<div class=\"edgtf-blog-slider-item-inner\">\n\t\t<div class=\"edgtf-item-image\">\n\t\t\t<a itemprop=\"url\" href=\"https:\/\/www.salvatore-esposito.com\/it\/archives\/fargo-4-trailer\/\">\n\t\t\t\t<img loading=\"lazy\" decoding=\"async\" width=\"1400\" height=\"1050\" src=\"https:\/\/www.salvatore-esposito.com\/wp-content\/uploads\/2020\/01\/sasa.jpg\" class=\"attachment-full size-full wp-post-image\" alt=\"Fargo 4\" srcset=\"https:\/\/www.salvatore-esposito.com\/wp-content\/uploads\/2020\/01\/sasa.jpg 1400w, https:\/\/www.salvatore-esposito.com\/wp-content\/uploads\/2020\/01\/sasa-800x600.jpg 800w, https:\/\/www.salvatore-esposito.com\/wp-content\/uploads\/2020\/01\/sasa-768x576.jpg 768w, https:\/\/www.salvatore-esposito.com\/wp-content\/uploads\/2020\/01\/sasa-624x468.jpg 624w\" sizes=\"auto, (max-width: 1400px) 100vw, 1400px\" \/>\t\t\t<\/a>\n\t\t<\/div>\n\t\t<div class=\"edgtf-bli-content\">\n\t\t\t\n<h5 itemprop=\"name\" class=\"entry-title edgtf-post-title\" >\n            <a itemprop=\"url\" href=\"https:\/\/www.salvatore-esposito.com\/it\/archives\/fargo-4-trailer\/\" title=\"Fargo 4 Trailer\">\n            Fargo 4 Trailer            <\/a>\n    <\/h5>\t\t\t\n\t\t\t<div class=\"edgtf-bli-excerpt\">\n\t\t\t\t\t\t<div class=\"edgtf-post-excerpt-holder\">\n\t\t\t<p itemprop=\"description\" class=\"edgtf-post-excerpt\">\n\t\t\t\t[vc_row][vc_column][vc_column_text]Salvatore Esposito nel trailer di Fargo 4 in una guerra tra gangster con protagonista Chris Rock, dove\t\t\t<\/p>\n\t\t<\/div>\n\t\t\t\t\t\t<div class=\"edgtf-post-read-more-button\">\n\t\t<a itemprop=\"url\" href=\"https:\/\/www.salvatore-esposito.com\/it\/archives\/fargo-4-trailer\/\" target=\"_self\"  class=\"edgtf-btn edgtf-btn-medium edgtf-btn-simple edgtf-btn- edgtf-blog-list-button edgtf-hover-animation\"  >    <span class=\"edgtf-btn-text\">Read More<\/span>    <\/a>\t<\/div>\n\t\t\t<\/div>\n\t\t<\/div>\n\t<\/div>\n<\/li><li class=\"edgtf-blog-slider-item\">\n\t<div class=\"edgtf-blog-slider-item-inner\">\n\t\t<div class=\"edgtf-item-image\">\n\t\t\t<a itemprop=\"url\" href=\"https:\/\/www.salvatore-esposito.com\/it\/archives\/spoiler-nuove-immagini-gomorra\/\">\n\t\t\t\t<img loading=\"lazy\" decoding=\"async\" width=\"1400\" height=\"1050\" src=\"https:\/\/www.salvatore-esposito.com\/wp-content\/uploads\/2020\/05\/NEW.jpg\" class=\"attachment-full size-full wp-post-image\" alt=\"Gomorra\" srcset=\"https:\/\/www.salvatore-esposito.com\/wp-content\/uploads\/2020\/05\/NEW.jpg 1400w, https:\/\/www.salvatore-esposito.com\/wp-content\/uploads\/2020\/05\/NEW-800x600.jpg 800w, https:\/\/www.salvatore-esposito.com\/wp-content\/uploads\/2020\/05\/NEW-768x576.jpg 768w, https:\/\/www.salvatore-esposito.com\/wp-content\/uploads\/2020\/05\/NEW-624x468.jpg 624w\" sizes=\"auto, (max-width: 1400px) 100vw, 1400px\" \/>\t\t\t<\/a>\n\t\t<\/div>\n\t\t<div class=\"edgtf-bli-content\">\n\t\t\t\n<h5 itemprop=\"name\" class=\"entry-title edgtf-post-title\" >\n            <a itemprop=\"url\" href=\"https:\/\/www.salvatore-esposito.com\/it\/archives\/spoiler-nuove-immagini-gomorra\/\" title=\"Spoiler: Nuove immagini Gomorra\">\n            Spoiler: Nuove immagini Gomorra            <\/a>\n    <\/h5>\t\t\t\n\t\t\t<div class=\"edgtf-bli-excerpt\">\n\t\t\t\t\t\t<div class=\"edgtf-post-excerpt-holder\">\n\t\t\t<p itemprop=\"description\" class=\"edgtf-post-excerpt\">\n\t\t\t\t[vc_row][vc_column][vc_column_text]Amici ..Gustatevi questo video esilarante! Gomorra ai tempi del Covid . Thx: Le perle del nipote di\t\t\t<\/p>\n\t\t<\/div>\n\t\t\t\t\t\t<div class=\"edgtf-post-read-more-button\">\n\t\t<a itemprop=\"url\" href=\"https:\/\/www.salvatore-esposito.com\/it\/archives\/spoiler-nuove-immagini-gomorra\/\" target=\"_self\"  class=\"edgtf-btn edgtf-btn-medium edgtf-btn-simple edgtf-btn- edgtf-blog-list-button edgtf-hover-animation\"  >    <span class=\"edgtf-btn-text\">Read More<\/span>    <\/a>\t<\/div>\n\t\t\t<\/div>\n\t\t<\/div>\n\t<\/div>\n<\/li><li class=\"edgtf-blog-slider-item\">\n\t<div class=\"edgtf-blog-slider-item-inner\">\n\t\t<div class=\"edgtf-item-image\">\n\t\t\t<a itemprop=\"url\" href=\"https:\/\/www.salvatore-esposito.com\/it\/archives\/gomorra-si-trasferisce-su-hbo-max\/\">\n\t\t\t\t<img loading=\"lazy\" decoding=\"async\" width=\"1400\" height=\"1050\" src=\"https:\/\/www.salvatore-esposito.com\/wp-content\/uploads\/2020\/07\/hbo.jpg\" class=\"attachment-full size-full wp-post-image\" alt=\"HBO Max Adds \u2018Gomorrah,\u2019 Three Other Series to International Slate\" srcset=\"https:\/\/www.salvatore-esposito.com\/wp-content\/uploads\/2020\/07\/hbo.jpg 1400w, https:\/\/www.salvatore-esposito.com\/wp-content\/uploads\/2020\/07\/hbo-800x600.jpg 800w, https:\/\/www.salvatore-esposito.com\/wp-content\/uploads\/2020\/07\/hbo-768x576.jpg 768w, https:\/\/www.salvatore-esposito.com\/wp-content\/uploads\/2020\/07\/hbo-624x468.jpg 624w\" sizes=\"auto, (max-width: 1400px) 100vw, 1400px\" \/>\t\t\t<\/a>\n\t\t<\/div>\n\t\t<div class=\"edgtf-bli-content\">\n\t\t\t\n<h5 itemprop=\"name\" class=\"entry-title edgtf-post-title\" >\n            <a itemprop=\"url\" href=\"https:\/\/www.salvatore-esposito.com\/it\/archives\/gomorra-si-trasferisce-su-hbo-max\/\" title=\"Gomorra si trasferisce su HBO Max\">\n            Gomorra si trasferisce su HBO Max            <\/a>\n    <\/h5>\t\t\t\n\t\t\t<div class=\"edgtf-bli-excerpt\">\n\t\t\t\t\t\t<div class=\"edgtf-post-excerpt-holder\">\n\t\t\t<p itemprop=\"description\" class=\"edgtf-post-excerpt\">\n\t\t\t\t[vc_row][vc_column][vc_column_text]La serie Tv italiana Gomorra\u00a0ha una nuova casa in streaming negli Stati Uniti. Gomorra ha fatto il\t\t\t<\/p>\n\t\t<\/div>\n\t\t\t\t\t\t<div class=\"edgtf-post-read-more-button\">\n\t\t<a itemprop=\"url\" href=\"https:\/\/www.salvatore-esposito.com\/it\/archives\/gomorra-si-trasferisce-su-hbo-max\/\" target=\"_self\"  class=\"edgtf-btn edgtf-btn-medium edgtf-btn-simple edgtf-btn- edgtf-blog-list-button edgtf-hover-animation\"  >    <span class=\"edgtf-btn-text\">Read More<\/span>    <\/a>\t<\/div>\n\t\t\t<\/div>\n\t\t<\/div>\n\t<\/div>\n<\/li><li class=\"edgtf-blog-slider-item\">\n\t<div class=\"edgtf-blog-slider-item-inner\">\n\t\t<div class=\"edgtf-item-image\">\n\t\t\t<a itemprop=\"url\" href=\"https:\/\/www.salvatore-esposito.com\/it\/archives\/fargo-4-primi-episodi\/\">\n\t\t\t\t<img loading=\"lazy\" decoding=\"async\" width=\"1400\" height=\"1050\" src=\"https:\/\/www.salvatore-esposito.com\/wp-content\/uploads\/2020\/11\/farg.png\" class=\"attachment-full size-full wp-post-image\" alt=\"Fargo4\" srcset=\"https:\/\/www.salvatore-esposito.com\/wp-content\/uploads\/2020\/11\/farg.png 1400w, https:\/\/www.salvatore-esposito.com\/wp-content\/uploads\/2020\/11\/farg-800x600.png 800w, https:\/\/www.salvatore-esposito.com\/wp-content\/uploads\/2020\/11\/farg-768x576.png 768w, https:\/\/www.salvatore-esposito.com\/wp-content\/uploads\/2020\/11\/farg-624x468.png 624w\" sizes=\"auto, (max-width: 1400px) 100vw, 1400px\" \/>\t\t\t<\/a>\n\t\t<\/div>\n\t\t<div class=\"edgtf-bli-content\">\n\t\t\t\n<h5 itemprop=\"name\" class=\"entry-title edgtf-post-title\" >\n            <a itemprop=\"url\" href=\"https:\/\/www.salvatore-esposito.com\/it\/archives\/fargo-4-primi-episodi\/\" title=\"Fargo 4 primi episodi\">\n            Fargo 4 primi episodi            <\/a>\n    <\/h5>\t\t\t\n\t\t\t<div class=\"edgtf-bli-excerpt\">\n\t\t\t\t\t\t<div class=\"edgtf-post-excerpt-holder\">\n\t\t\t<p itemprop=\"description\" class=\"edgtf-post-excerpt\">\n\t\t\t\t[vc_row][vc_column][vc_column_text]Fargo 4: su Sky Atlantic inizia la quarta, attesissima stagione di 'Fargo', la serie tv creata da\t\t\t<\/p>\n\t\t<\/div>\n\t\t\t\t\t\t<div class=\"edgtf-post-read-more-button\">\n\t\t<a itemprop=\"url\" href=\"https:\/\/www.salvatore-esposito.com\/it\/archives\/fargo-4-primi-episodi\/\" target=\"_self\"  class=\"edgtf-btn edgtf-btn-medium edgtf-btn-simple edgtf-btn- edgtf-blog-list-button edgtf-hover-animation\"  >    <span class=\"edgtf-btn-text\">Read More<\/span>    <\/a>\t<\/div>\n\t\t\t<\/div>\n\t\t<\/div>\n\t<\/div>\n<\/li><li class=\"edgtf-blog-slider-item\">\n\t<div class=\"edgtf-blog-slider-item-inner\">\n\t\t<div class=\"edgtf-item-image\">\n\t\t\t<a itemprop=\"url\" href=\"https:\/\/www.salvatore-esposito.com\/it\/89445898845_screen_free\">\n\t\t\t\t<img loading=\"lazy\" decoding=\"async\" width=\"1400\" height=\"1050\" src=\"https:\/\/www.salvatore-esposito.com\/wp-content\/uploads\/2020\/12\/greetings-1.jpg\" class=\"attachment-full size-full wp-post-image\" alt=\"Gomorra 5 set\" srcset=\"https:\/\/www.salvatore-esposito.com\/wp-content\/uploads\/2020\/12\/greetings-1.jpg 1400w, https:\/\/www.salvatore-esposito.com\/wp-content\/uploads\/2020\/12\/greetings-1-800x600.jpg 800w, https:\/\/www.salvatore-esposito.com\/wp-content\/uploads\/2020\/12\/greetings-1-768x576.jpg 768w, https:\/\/www.salvatore-esposito.com\/wp-content\/uploads\/2020\/12\/greetings-1-624x468.jpg 624w\" sizes=\"auto, (max-width: 1400px) 100vw, 1400px\" \/>\t\t\t<\/a>\n\t\t<\/div>\n\t\t<div class=\"edgtf-bli-content\">\n\t\t\t\n<h5 itemprop=\"name\" class=\"entry-title edgtf-post-title\" >\n            <a itemprop=\"url\" href=\"https:\/\/www.salvatore-esposito.com\/it\/89445898845_screen_free\" title=\"Dal set di Gomorra 5\">\n            Dal set di Gomorra 5            <\/a>\n    <\/h5>\t\t\t\n\t\t\t<div class=\"edgtf-bli-excerpt\">\n\t\t\t\t\t\t<div class=\"edgtf-post-excerpt-holder\">\n\t\t\t<p itemprop=\"description\" class=\"edgtf-post-excerpt\">\n\t\t\t\t[vc_row][vc_column][vc_column_text]Salvatore Esposito in esclusiva assoluta, direttamente dal Set di Gomorra 5 in un video da non perdere,\t\t\t<\/p>\n\t\t<\/div>\n\t\t\t\t\t\t<div class=\"edgtf-post-read-more-button\">\n\t\t<a itemprop=\"url\" href=\"https:\/\/www.salvatore-esposito.com\/it\/89445898845_screen_free\" target=\"_self\"  class=\"edgtf-btn edgtf-btn-medium edgtf-btn-simple edgtf-btn- edgtf-blog-list-button edgtf-hover-animation\"  >    <span class=\"edgtf-btn-text\">Read More<\/span>    <\/a>\t<\/div>\n\t\t\t<\/div>\n\t\t<\/div>\n\t<\/div>\n<\/li><li class=\"edgtf-blog-slider-item\">\n\t<div class=\"edgtf-blog-slider-item-inner\">\n\t\t<div class=\"edgtf-item-image\">\n\t\t\t<a itemprop=\"url\" href=\"https:\/\/www.salvatore-esposito.com\/it\/archives\/gomorra-5-backstage\/\">\n\t\t\t\t<img loading=\"lazy\" decoding=\"async\" width=\"1400\" height=\"1050\" src=\"https:\/\/www.salvatore-esposito.com\/wp-content\/uploads\/2021\/06\/gom5.jpg\" class=\"attachment-full size-full wp-post-image\" alt=\"\" srcset=\"https:\/\/www.salvatore-esposito.com\/wp-content\/uploads\/2021\/06\/gom5.jpg 1400w, https:\/\/www.salvatore-esposito.com\/wp-content\/uploads\/2021\/06\/gom5-800x600.jpg 800w, https:\/\/www.salvatore-esposito.com\/wp-content\/uploads\/2021\/06\/gom5-768x576.jpg 768w\" sizes=\"auto, (max-width: 1400px) 100vw, 1400px\" \/>\t\t\t<\/a>\n\t\t<\/div>\n\t\t<div class=\"edgtf-bli-content\">\n\t\t\t\n<h5 itemprop=\"name\" class=\"entry-title edgtf-post-title\" >\n            <a itemprop=\"url\" href=\"https:\/\/www.salvatore-esposito.com\/it\/archives\/gomorra-5-backstage\/\" title=\"Gomorra 5 backstage\">\n            Gomorra 5 backstage            <\/a>\n    <\/h5>\t\t\t\n\t\t\t<div class=\"edgtf-bli-excerpt\">\n\t\t\t\t\t\t<div class=\"edgtf-post-excerpt-holder\">\n\t\t\t<p itemprop=\"description\" class=\"edgtf-post-excerpt\">\n\t\t\t\t[vc_row][vc_column][vc_column_text]Riprese in corso per la quinta stagione di Gomorra, il capitolo finale di una delle produzioni Sky\t\t\t<\/p>\n\t\t<\/div>\n\t\t\t\t\t\t<div class=\"edgtf-post-read-more-button\">\n\t\t<a itemprop=\"url\" href=\"https:\/\/www.salvatore-esposito.com\/it\/archives\/gomorra-5-backstage\/\" target=\"_self\"  class=\"edgtf-btn edgtf-btn-medium edgtf-btn-simple edgtf-btn- edgtf-blog-list-button edgtf-hover-animation\"  >    <span class=\"edgtf-btn-text\">Read More<\/span>    <\/a>\t<\/div>\n\t\t\t<\/div>\n\t\t<\/div>\n\t<\/div>\n<\/li><li class=\"edgtf-blog-slider-item\">\n\t<div class=\"edgtf-blog-slider-item-inner\">\n\t\t<div class=\"edgtf-item-image\">\n\t\t\t<a itemprop=\"url\" href=\"https:\/\/www.salvatore-esposito.com\/it\/archives\/lo-sciamano\/\">\n\t\t\t\t<img loading=\"lazy\" decoding=\"async\" width=\"1400\" height=\"1050\" src=\"https:\/\/www.salvatore-esposito.com\/wp-content\/uploads\/2021\/06\/book_sciamano.jpg\" class=\"attachment-full size-full wp-post-image\" alt=\"\" srcset=\"https:\/\/www.salvatore-esposito.com\/wp-content\/uploads\/2021\/06\/book_sciamano.jpg 1400w, https:\/\/www.salvatore-esposito.com\/wp-content\/uploads\/2021\/06\/book_sciamano-800x600.jpg 800w, https:\/\/www.salvatore-esposito.com\/wp-content\/uploads\/2021\/06\/book_sciamano-768x576.jpg 768w\" sizes=\"auto, (max-width: 1400px) 100vw, 1400px\" \/>\t\t\t<\/a>\n\t\t<\/div>\n\t\t<div class=\"edgtf-bli-content\">\n\t\t\t\n<h5 itemprop=\"name\" class=\"entry-title edgtf-post-title\" >\n            <a itemprop=\"url\" href=\"https:\/\/www.salvatore-esposito.com\/it\/archives\/lo-sciamano\/\" title=\"Lo sciamano\">\n            Lo sciamano            <\/a>\n    <\/h5>\t\t\t\n\t\t\t<div class=\"edgtf-bli-excerpt\">\n\t\t\t\t\t\t<div class=\"edgtf-post-excerpt-holder\">\n\t\t\t<p itemprop=\"description\" class=\"edgtf-post-excerpt\">\n\t\t\t\t[vc_row][vc_column][vc_column_text]Lo Sciamano di\u00a0Salvatore Esposito sar\u00e0 disponibile\u00a0in tutte le librerie fisiche e online italiane dal\u00a015 giugno 2021, edito\t\t\t<\/p>\n\t\t<\/div>\n\t\t\t\t\t\t<div class=\"edgtf-post-read-more-button\">\n\t\t<a itemprop=\"url\" href=\"https:\/\/www.salvatore-esposito.com\/it\/archives\/lo-sciamano\/\" target=\"_self\"  class=\"edgtf-btn edgtf-btn-medium edgtf-btn-simple edgtf-btn- edgtf-blog-list-button edgtf-hover-animation\"  >    <span class=\"edgtf-btn-text\">Read More<\/span>    <\/a>\t<\/div>\n\t\t\t<\/div>\n\t\t<\/div>\n\t<\/div>\n<\/li><li class=\"edgtf-blog-slider-item\">\n\t<div class=\"edgtf-blog-slider-item-inner\">\n\t\t<div class=\"edgtf-item-image\">\n\t\t\t<a itemprop=\"url\" href=\"https:\/\/www.salvatore-esposito.com\/it\/archives\/lo-sciamano-alla-feltrinelli\/\">\n\t\t\t\t<img loading=\"lazy\" decoding=\"async\" width=\"1400\" height=\"1050\" src=\"https:\/\/www.salvatore-esposito.com\/wp-content\/uploads\/2021\/06\/sca.jpg\" class=\"attachment-full size-full wp-post-image\" alt=\"\" srcset=\"https:\/\/www.salvatore-esposito.com\/wp-content\/uploads\/2021\/06\/sca.jpg 1400w, https:\/\/www.salvatore-esposito.com\/wp-content\/uploads\/2021\/06\/sca-800x600.jpg 800w, https:\/\/www.salvatore-esposito.com\/wp-content\/uploads\/2021\/06\/sca-768x576.jpg 768w\" sizes=\"auto, (max-width: 1400px) 100vw, 1400px\" \/>\t\t\t<\/a>\n\t\t<\/div>\n\t\t<div class=\"edgtf-bli-content\">\n\t\t\t\n<h5 itemprop=\"name\" class=\"entry-title edgtf-post-title\" >\n            <a itemprop=\"url\" href=\"https:\/\/www.salvatore-esposito.com\/it\/archives\/lo-sciamano-alla-feltrinelli\/\" title=\"Lo sciamano alla Feltrinelli\">\n            Lo sciamano alla Feltrinelli            <\/a>\n    <\/h5>\t\t\t\n\t\t\t<div class=\"edgtf-bli-excerpt\">\n\t\t\t\t\t\t<div class=\"edgtf-post-excerpt-holder\">\n\t\t\t<p itemprop=\"description\" class=\"edgtf-post-excerpt\">\n\t\t\t\t[vc_row][vc_column][vc_column_text]Grande successo a \"la Feltrinelli\" di Piazza dei Martiri a Napoli per Salvatore Esposito, che ha presentato\t\t\t<\/p>\n\t\t<\/div>\n\t\t\t\t\t\t<div class=\"edgtf-post-read-more-button\">\n\t\t<a itemprop=\"url\" href=\"https:\/\/www.salvatore-esposito.com\/it\/archives\/lo-sciamano-alla-feltrinelli\/\" target=\"_self\"  class=\"edgtf-btn edgtf-btn-medium edgtf-btn-simple edgtf-btn- edgtf-blog-list-button edgtf-hover-animation\"  >    <span class=\"edgtf-btn-text\">Read More<\/span>    <\/a>\t<\/div>\n\t\t\t<\/div>\n\t\t<\/div>\n\t<\/div>\n<\/li><li class=\"edgtf-blog-slider-item\">\n\t<div class=\"edgtf-blog-slider-item-inner\">\n\t\t<div class=\"edgtf-item-image\">\n\t\t\t<a itemprop=\"url\" href=\"https:\/\/www.salvatore-esposito.com\/it\/archives\/giffoni-film-festival\/\">\n\t\t\t\t<img loading=\"lazy\" decoding=\"async\" width=\"1400\" height=\"1050\" src=\"https:\/\/www.salvatore-esposito.com\/wp-content\/uploads\/2021\/07\/salvio01.jpg\" class=\"attachment-full size-full wp-post-image\" alt=\"Giffoni film festival salvatore esposito\" srcset=\"https:\/\/www.salvatore-esposito.com\/wp-content\/uploads\/2021\/07\/salvio01.jpg 1400w, https:\/\/www.salvatore-esposito.com\/wp-content\/uploads\/2021\/07\/salvio01-800x600.jpg 800w, https:\/\/www.salvatore-esposito.com\/wp-content\/uploads\/2021\/07\/salvio01-768x576.jpg 768w\" sizes=\"auto, (max-width: 1400px) 100vw, 1400px\" \/>\t\t\t<\/a>\n\t\t<\/div>\n\t\t<div class=\"edgtf-bli-content\">\n\t\t\t\n<h5 itemprop=\"name\" class=\"entry-title edgtf-post-title\" >\n            <a itemprop=\"url\" href=\"https:\/\/www.salvatore-esposito.com\/it\/archives\/giffoni-film-festival\/\" title=\"Giffoni film festival\">\n            Giffoni film festival            <\/a>\n    <\/h5>\t\t\t\n\t\t\t<div class=\"edgtf-bli-excerpt\">\n\t\t\t\t\t\t<div class=\"edgtf-post-excerpt-holder\">\n\t\t\t<p itemprop=\"description\" class=\"edgtf-post-excerpt\">\n\t\t\t\t[vc_row][vc_column][vc_column_text]\u201cGiffoni \u00e8 la patria dei giovani e ci torno sempre con grande piacere\u201d. Salvatore Esposito ha incontrato\t\t\t<\/p>\n\t\t<\/div>\n\t\t\t\t\t\t<div class=\"edgtf-post-read-more-button\">\n\t\t<a itemprop=\"url\" href=\"https:\/\/www.salvatore-esposito.com\/it\/archives\/giffoni-film-festival\/\" target=\"_self\"  class=\"edgtf-btn edgtf-btn-medium edgtf-btn-simple edgtf-btn- edgtf-blog-list-button edgtf-hover-animation\"  >    <span class=\"edgtf-btn-text\">Read More<\/span>    <\/a>\t<\/div>\n\t\t\t<\/div>\n\t\t<\/div>\n\t<\/div>\n<\/li>\t<\/ul>\n<\/div>\n[\/vc_column][\/vc_row][vc_row content_placement=&#8221;middle&#8221; row_content_width=&#8221;grid&#8221; content_text_aligment=&#8221;center&#8221; css=&#8221;.vc_custom_1617874958857{padding-bottom: 7px !important;}&#8221;][vc_column]<a itemprop=\"url\" href=\"https:\/\/www.salvatore-esposito.com\/it\/news-salvatore-esposito\/\" target=\"_self\" style=\"color: #ffffff;border-color: #ffffff\" class=\"edgtf-btn edgtf-btn-medium edgtf-btn-outline edgtf-btn-light edgtf-hover-animation\"  >\n    <span class=\"edgtf-btn-text\">Tutte le news<\/span>\n    <\/a>[\/vc_column][\/vc_row][vc_row content_text_aligment=&#8221;center&#8221; css=&#8221;.vc_custom_1523955502196{padding-top: 80px !important;}&#8221;][vc_column]<div class=\"edgtf-image-gallery  edgtf-ig-masonry-type edgtf-no-space  \">\n\t<div class=\"edgtf-ig-inner edgtf-outer-space edgtf-ig-masonry edgtf-ig-four-columns\">\n\t\t<div class=\"edgtf-ig-grid-sizer\"><\/div>\n\t\t<div class=\"edgtf-ig-grid-gutter\"><\/div>\n\t\t\t\t\t\t\t\t<div class=\"edgtf-ig-image edgtf-item-space edgtf-masonry-size-large-width-height\">\n\t\t\t\t<div class=\"edgtf-ig-image-inner\">\n\t\t\t\t\t\t\t\t\t\t\t<img loading=\"lazy\" decoding=\"async\" width=\"960\" height=\"960\" src=\"https:\/\/www.salvatore-esposito.com\/wp-content\/uploads\/2021\/04\/02.jpg\" class=\"attachment-cinerama_edge_image_huge size-cinerama_edge_image_huge\" alt=\"\" srcset=\"https:\/\/www.salvatore-esposito.com\/wp-content\/uploads\/2021\/04\/02.jpg 960w, https:\/\/www.salvatore-esposito.com\/wp-content\/uploads\/2021\/04\/02-400x400.jpg 400w, https:\/\/www.salvatore-esposito.com\/wp-content\/uploads\/2021\/04\/02-100x100.jpg 100w, https:\/\/www.salvatore-esposito.com\/wp-content\/uploads\/2021\/04\/02-800x800.jpg 800w, https:\/\/www.salvatore-esposito.com\/wp-content\/uploads\/2021\/04\/02-150x150.jpg 150w, https:\/\/www.salvatore-esposito.com\/wp-content\/uploads\/2021\/04\/02-768x768.jpg 768w, https:\/\/www.salvatore-esposito.com\/wp-content\/uploads\/2021\/04\/02-550x550.jpg 550w\" sizes=\"auto, (max-width: 960px) 100vw, 960px\" \/>\t\t\t\t\t\t\t\t\t\t\t\t\t\t\t<\/div>\n\t\t\t<\/div>\n\t\t\t\t\t\t\t\t<div class=\"edgtf-ig-image edgtf-item-space \">\n\t\t\t\t<div class=\"edgtf-ig-image-inner\">\n\t\t\t\t\t\t\t\t\t\t\t<img loading=\"lazy\" decoding=\"async\" width=\"960\" height=\"960\" src=\"https:\/\/www.salvatore-esposito.com\/wp-content\/uploads\/2021\/04\/01.jpg\" class=\"attachment-full size-full\" alt=\"\" srcset=\"https:\/\/www.salvatore-esposito.com\/wp-content\/uploads\/2021\/04\/01.jpg 960w, https:\/\/www.salvatore-esposito.com\/wp-content\/uploads\/2021\/04\/01-400x400.jpg 400w, https:\/\/www.salvatore-esposito.com\/wp-content\/uploads\/2021\/04\/01-100x100.jpg 100w, https:\/\/www.salvatore-esposito.com\/wp-content\/uploads\/2021\/04\/01-800x800.jpg 800w, https:\/\/www.salvatore-esposito.com\/wp-content\/uploads\/2021\/04\/01-150x150.jpg 150w, https:\/\/www.salvatore-esposito.com\/wp-content\/uploads\/2021\/04\/01-768x768.jpg 768w, https:\/\/www.salvatore-esposito.com\/wp-content\/uploads\/2021\/04\/01-550x550.jpg 550w\" sizes=\"auto, (max-width: 960px) 100vw, 960px\" \/>\t\t\t\t\t\t\t\t\t\t\t\t\t\t\t<\/div>\n\t\t\t<\/div>\n\t\t\t\t\t\t\t\t<div class=\"edgtf-ig-image edgtf-item-space \">\n\t\t\t\t<div class=\"edgtf-ig-image-inner\">\n\t\t\t\t\t\t\t\t\t\t\t<img loading=\"lazy\" decoding=\"async\" width=\"960\" height=\"960\" src=\"https:\/\/www.salvatore-esposito.com\/wp-content\/uploads\/2021\/04\/05.jpg\" class=\"attachment-full size-full\" alt=\"\" srcset=\"https:\/\/www.salvatore-esposito.com\/wp-content\/uploads\/2021\/04\/05.jpg 960w, https:\/\/www.salvatore-esposito.com\/wp-content\/uploads\/2021\/04\/05-400x400.jpg 400w, https:\/\/www.salvatore-esposito.com\/wp-content\/uploads\/2021\/04\/05-100x100.jpg 100w, https:\/\/www.salvatore-esposito.com\/wp-content\/uploads\/2021\/04\/05-800x800.jpg 800w, https:\/\/www.salvatore-esposito.com\/wp-content\/uploads\/2021\/04\/05-150x150.jpg 150w, https:\/\/www.salvatore-esposito.com\/wp-content\/uploads\/2021\/04\/05-768x768.jpg 768w, https:\/\/www.salvatore-esposito.com\/wp-content\/uploads\/2021\/04\/05-550x550.jpg 550w\" sizes=\"auto, (max-width: 960px) 100vw, 960px\" \/>\t\t\t\t\t\t\t\t\t\t\t\t\t\t\t<\/div>\n\t\t\t<\/div>\n\t\t\t\t\t\t\t\t<div class=\"edgtf-ig-image edgtf-item-space \">\n\t\t\t\t<div class=\"edgtf-ig-image-inner\">\n\t\t\t\t\t\t\t\t\t\t\t<img loading=\"lazy\" decoding=\"async\" width=\"960\" height=\"960\" src=\"https:\/\/www.salvatore-esposito.com\/wp-content\/uploads\/2021\/04\/03.jpg\" class=\"attachment-full size-full\" alt=\"\" srcset=\"https:\/\/www.salvatore-esposito.com\/wp-content\/uploads\/2021\/04\/03.jpg 960w, https:\/\/www.salvatore-esposito.com\/wp-content\/uploads\/2021\/04\/03-400x400.jpg 400w, https:\/\/www.salvatore-esposito.com\/wp-content\/uploads\/2021\/04\/03-100x100.jpg 100w, https:\/\/www.salvatore-esposito.com\/wp-content\/uploads\/2021\/04\/03-800x800.jpg 800w, https:\/\/www.salvatore-esposito.com\/wp-content\/uploads\/2021\/04\/03-150x150.jpg 150w, https:\/\/www.salvatore-esposito.com\/wp-content\/uploads\/2021\/04\/03-768x768.jpg 768w, https:\/\/www.salvatore-esposito.com\/wp-content\/uploads\/2021\/04\/03-550x550.jpg 550w\" sizes=\"auto, (max-width: 960px) 100vw, 960px\" \/>\t\t\t\t\t\t\t\t\t\t\t\t\t\t\t<\/div>\n\t\t\t<\/div>\n\t\t\t\t\t\t\t\t<div class=\"edgtf-ig-image edgtf-item-space \">\n\t\t\t\t<div class=\"edgtf-ig-image-inner\">\n\t\t\t\t\t\t\t\t\t\t\t<img loading=\"lazy\" decoding=\"async\" width=\"960\" height=\"960\" src=\"https:\/\/www.salvatore-esposito.com\/wp-content\/uploads\/2021\/04\/04.jpg\" class=\"attachment-full size-full\" alt=\"\" srcset=\"https:\/\/www.salvatore-esposito.com\/wp-content\/uploads\/2021\/04\/04.jpg 960w, https:\/\/www.salvatore-esposito.com\/wp-content\/uploads\/2021\/04\/04-400x400.jpg 400w, https:\/\/www.salvatore-esposito.com\/wp-content\/uploads\/2021\/04\/04-100x100.jpg 100w, https:\/\/www.salvatore-esposito.com\/wp-content\/uploads\/2021\/04\/04-800x800.jpg 800w, https:\/\/www.salvatore-esposito.com\/wp-content\/uploads\/2021\/04\/04-150x150.jpg 150w, https:\/\/www.salvatore-esposito.com\/wp-content\/uploads\/2021\/04\/04-768x768.jpg 768w, https:\/\/www.salvatore-esposito.com\/wp-content\/uploads\/2021\/04\/04-550x550.jpg 550w\" sizes=\"auto, (max-width: 960px) 100vw, 960px\" \/>\t\t\t\t\t\t\t\t\t\t\t\t\t\t\t<\/div>\n\t\t\t<\/div>\n\t\t\t<\/div>\n<\/div>[\/vc_column][\/vc_row][vc_row disable_element=&#8221;yes&#8221; row_content_width=&#8221;grid&#8221; css=&#8221;.vc_custom_1618166331605{padding-top: 30px !important;padding-bottom: 30px !important;}&#8221; simple_background_color=&#8221;#010101&#8243;][vc_column]<div class=\"edgtf-clients-carousel-holder edgtf-cc-hover-raising\">\n\t<div class=\"edgtf-cc-inner edgtf-owl-slider\" data-number-of-items=\"1\" data-enable-loop=\"no\" data-enable-autoplay=\"no\" data-slider-speed=\"5000\" data-slider-speed-animation=\"600\" data-enable-navigation=\"no\" data-enable-pagination=\"no\">\n\t\t<div class=\"edgtf-cc-item\">\n\t\t\t<a itemprop=\"url\" class=\"edgtf-cc-link edgtf-block-drag-link\" href=\"https:\/\/www.dglab.it\" target=\"_blank\">\n\t\t\t\t\t\t<img decoding=\"async\" itemprop=\"image\" class=\"edgtf-cc-image\" src=\"https:\/\/www.salvatore-esposito.com\/wp-content\/uploads\/2021\/04\/dglab.png\" alt=\"\" \/>\n\t\t\t\t\t\t\t<\/a>\n\t<\/div>\t<\/div>\n<\/div>[\/vc_column][\/vc_row][vc_row][vc_column][\/vc_column][\/vc_row]<\/p>\n<\/div>","protected":false},"excerpt":{"rendered":"<p>[vc_row equal_height=&#8221;yes&#8221; css=&#8221;.vc_custom_1715680377361{padding-bottom: 80px !important;}&#8221;][vc_column][rev_slider_vc alias=&#8221;post-slide-it-1&#8243; enable_paspartu=&#8221;no&#8221;][\/vc_column][\/vc_row][vc_row disable_element=&#8221;yes&#8221; row_content_width=&#8221;grid&#8221; css=&#8221;.vc_custom_1667846149613{padding-top: 30px !important;padding-bottom: 62px !important;}&#8221;][vc_column][\/vc_column][\/vc_row][vc_row disable_element=&#8221;yes&#8221; row_content_width=&#8221;grid&#8221; css=&#8221;.vc_custom_1667846156205{padding-bottom: [&hellip;]<\/p>\n","protected":false},"author":1,"featured_media":0,"parent":0,"menu_order":0,"comment_status":"closed","ping_status":"closed","template":"full-width.php","meta":{"footnotes":"","_links_to":"","_links_to_target":""},"class_list":["post-487","page","type-page","status-publish","hentry"],"_links":{"self":[{"href":"https:\/\/www.salvatore-esposito.com\/it\/wp-json\/wp\/v2\/pages\/487","targetHints":{"allow":["GET"]}}],"collection":[{"href":"https:\/\/www.salvatore-esposito.com\/it\/wp-json\/wp\/v2\/pages"}],"about":[{"href":"https:\/\/www.salvatore-esposito.com\/it\/wp-json\/wp\/v2\/types\/page"}],"author":[{"embeddable":true,"href":"https:\/\/www.salvatore-esposito.com\/it\/wp-json\/wp\/v2\/users\/1"}],"replies":[{"embeddable":true,"href":"https:\/\/www.salvatore-esposito.com\/it\/wp-json\/wp\/v2\/comments?post=487"}],"version-history":[{"count":225,"href":"https:\/\/www.salvatore-esposito.com\/it\/wp-json\/wp\/v2\/pages\/487\/revisions"}],"predecessor-version":[{"id":42311,"href":"https:\/\/www.salvatore-esposito.com\/it\/wp-json\/wp\/v2\/pages\/487\/revisions\/42311"}],"wp:attachment":[{"href":"https:\/\/www.salvatore-esposito.com\/it\/wp-json\/wp\/v2\/media?parent=487"}],"curies":[{"name":"wp","href":"https:\/\/api.w.org\/{rel}","templated":true}]}}